{"id":90,"date":"2023-02-01T17:28:49","date_gmt":"2023-02-01T16:28:49","guid":{"rendered":"http:\/\/test.dama-moe.de\/pl\/?page_id=90"},"modified":"2025-05-07T10:25:04","modified_gmt":"2025-05-07T08:25:04","slug":"polityka-prywatnosci-twoje-dane-sa-bezpieczne-i-dama-moe","status":"publish","type":"page","link":"https:\/\/dama-moe.de\/pl\/polityka-prywatnosci-twoje-dane-sa-bezpieczne-i-dama-moe\/","title":{"rendered":"Polityka prywatno\u015bci"},"content":{"rendered":"\n<p>Dzi\u0119kujemy, \u017ce odwiedzasz nasz\u0105 stron\u0119 internetow\u0105 i \u017ce jeste\u015b zainteresowany nasz\u0105 firm\u0105 i naszymi us\u0142ugami. Ochrona danych jest dla nas bardzo wa\u017cna i przywi\u0105zujemy du\u017c\u0105 wag\u0119 do bezpiecze\u0144stwa danych u\u017cytkownik\u00f3w i przestrzegania przepis\u00f3w o ochronie danych. Jednak gdy tylko skorzystasz z poszczeg\u00f3lnych funkcji, us\u0142ug lub ofert w naszym serwisie, dane osobowe mog\u0105 by\u0107 przetwarzane. Gromadzimy, przetwarzamy i wykorzystujemy dane osobowe tylko wtedy, gdy wyrazisz zgod\u0119 na gromadzenie, przetwarzanie i wykorzystywanie lub je\u015bli istnieje odpowiednia podstawa prawna.<br>Nasza strona internetowa mo\u017ce zawiera\u0107 linki do stron internetowych innych dostawc\u00f3w, kt\u00f3rych niniejsze o\u015bwiadczenie o ochronie danych nie obejmuje. Jakie dane mog\u0105 zbiera\u0107 operatorzy tych stron, jest poza nasz\u0105 wiedz\u0105 i poza nasz\u0105 stref\u0105 wp\u0142yw\u00f3w. Informacje na ten temat mo\u017cna znale\u017a\u0107 w informacji o ochronie danych na odpowiedniej stronie. Poni\u017cej szczeg\u00f3\u0142owo informujemy o sposobie post\u0119powania z Twoimi danymi.<\/p>\n\n\n\n<h4 class=\"wp-block-heading\"><strong>Administrator danych <\/strong><\/h4>\n\n\n\n<ol class=\"wp-block-list\">\n<li>Osob\u0105 odpowiedzialn\u0105 w rozumieniu og\u00f3lnego rozporz\u0105dzenia o ochronie danych (RODO) i innych krajowych przepis\u00f3w o ochronie danych pa\u0144stw cz\u0142onkowskich jest:<\/li>\n<\/ol>\n\n\n\n<p>Daria Mak-Walther<br>Tiefenbachweg 4a<br>D-34295&nbsp;Ederm\u00fcnde<br>Tel.: +49 5603 917044<br>E-Mail:&nbsp;<a href=\"mailto:info@dama-moe.de\/pl\">info@dama-moe.de<\/a><br>Website: www.dama-moe.de\/pl<\/p>\n\n\n\n<p>Osoba odpowiedzialna korzysta z us\u0142ug firmy hostingowej:<\/p>\n\n\n\n<p>STRATO AG<br>Pascalstra\u00dfe 10<br>10587 Berlin<br>www.strato.de<\/p>\n\n\n\n<p><strong>2. Cel, podstawa prawna i okres przetwarzania.<\/strong>&nbsp;Przekazane dane osobowe b\u0119d\u0105 przetwarzane, w zale\u017cno\u015bci od tre\u015bci zgody, w r\u00f3\u017cnych celach. Celem przetwarzania mo\u017ce by\u0107 otrzymywanie newslettera, umo\u017cliwienie dost\u0119pu do tre\u015bci zamieszczonych w serwisie internetowym prowadzonym przez Administratora danych, marketing bezpo\u015bredni lub w celu skontaktowania si\u0119 w zwi\u0105zku z zapytaniem pozostawionym w formularzu. Dane s\u0105 przetwarzane w oparciu o dobrowoln\u0105 zgod\u0119 osoby i do momentu jej cofni\u0119cia. Podstaw\u0105 przetwarzania danych jest niezb\u0119dno\u015b\u0107 do realizacji ww. cel\u00f3w, kt\u00f3re wynikaj\u0105 z prawnie uzasadnionych interes\u00f3w administratora lub stron trzecich. Prawnie uzasadnione interesy polegaj\u0105 na sta\u0142ym podnoszeniu jako\u015bci, zwi\u0119kszaniu dost\u0119pno\u015bci i liczby os\u00f3b odwiedzaj\u0105cych serwis lub korzystaj\u0105cych z us\u0142ug dost\u0119pnych za po\u015brednictwem serwis\u00f3w, w tym nieodp\u0142atnie. Dane w tych celach przetwarzane b\u0119d\u0105 na podstawie art. 6 ust. 1 lit. f) RODO. Cofni\u0119cie zgody nie wp\u0142ywa na zgodno\u015b\u0107 z prawem do przetwarzania, kt\u00f3rego dokonano na podstawie zgody przed jej cofni\u0119ciem.<\/p>\n\n\n\n<p><strong>3. Odbiorcy danych<\/strong>. Dane osobowe nie s\u0105 przekazywane \u017cadnym innym podmiotom, za wyj\u0105tkiem podmiot\u00f3w \u015bwiadcz\u0105cych na rzecz Administratora us\u0142ugi, np. hostingowe, serwis IT itp. Powierzenie danych takim podmiotom nast\u0119puje w oparciu o zawart\u0105 przez Administratora umow\u0119 powierzenia (umowa taka zosta\u0142a zawarta ze STRATO AG, Pascalstr. 10, D-10587 Berlin), w kt\u00f3rej zagwarantowana b\u0119dzie ochrona na poziomie odpowiadaj\u0105cym wymaganiom RODO. Administrator mo\u017ce udost\u0119pni\u0107 tak\u017ce dane innym odbiorcom wy\u0142\u0105cznie na \u017c\u0105danie podmiot\u00f3w do tego uprawnionych przez prawo. Administrator przechowuje dane jedynie przez czas, jaki jest niezb\u0119dny dla zrealizowania ww. cel\u00f3w, nie d\u0142u\u017cej ni\u017c do momentu sprzeciwu wobec przetwarzania.<\/p>\n\n\n\n<p>4. Na naszej stronie internetowej u\u017cywamy technologii, takich jak pliki cookie i podobnych s\u0142u\u017c\u0105cych do zbierania i przetwarzania danych oraz analizowania ruchu na naszych stronach przez Google \/Google Analytics \/Google Maps (Google Inc., 1600 Amphitheatre Parkway Mountain View, CA 94043, USA,&nbsp;<a href=\"https:\/\/policies.google.com\/privacy?hl=pl\">https:\/\/policies.google.com\/privacy?hl=pl<\/a>), XING (XING AG, Dammtorstr.&nbsp;29-32, D-20354 Hamburg,&nbsp;<a href=\"https:\/\/www.xing.com\/app\/share?op=data_protection\">https:\/\/www.xing.com\/app\/share?op=data_protection<\/a>), LinkedIn (LinkedIn Corporation, 2029 Stierlin Court, Mountain View, CA 94043, USA,&nbsp;<a href=\"https:\/\/linkedin.com\/legal\/privacy-policy\">https:\/\/linkedin.com\/legal\/privacy-policy<\/a>).<\/p>\n\n\n\n<p><strong>5. Prawa os\u00f3b, kt\u00f3rych dane dotycz\u0105<\/strong>. Posiadasz prawo dost\u0119pu do swoich danych, ich sprostowania, usuni\u0119cia lub ograniczenia przetwarzania, a tak\u017ce prawo do wniesienia sprzeciwu wobec przetwarzania, prawo do przenoszenia danych oraz prawo do wniesienia skargi do organu nadzorczego, na zasadach i w okoliczno\u015bciach przewidzianych w przepisach prawa, i o ile przepisy prawa przewiduj\u0105 mo\u017cliwo\u015b\u0107 skorzystania z tych praw ze wzgl\u0119du na charakter danych i charakter przetwarzania. Prawa te b\u0119d\u0105 przez nas bezwzgl\u0119dnie przestrzegane. Je\u017celi nie zgadzasz si\u0119 z nasz\u0105 ocen\u0105 niezb\u0119dno\u015bci przetwarzania danych lub masz inne zastrze\u017cenia w tym zakresie, koniecznie zg\u0142o\u015b sprzeciw lub przy\u015blij nam swoje zastrze\u017cenia pod adres&nbsp;<a href=\"mailto:d.mak@dama-moe.de\">d.mak@dama-moe.de<\/a>.<\/p>\n\n\n\n<p><strong>6. Wym\u00f3g podania danych<\/strong>. Podanie danych jest dobrowolne. Jednak\u017ce ze wzgl\u0119du na cel i charakter przetwarzania, brak wyra\u017cenia zgody na przetwarzanie b\u0119dzie uniemo\u017cliwia\u0142 skorzystanie z niekt\u00f3rych funkcjonalno\u015bci oferowanych przez Administratora na prowadzonej stronie internetowej lub brak mo\u017cliwo\u015bci umieszczenia na li\u015bcie mailingowej.<\/p>\n\n\n\n<p><strong>7. Zautomatyzowane podejmowanie decyzji<\/strong>. Administrator nie wykorzystuje danych do zautomatyzowanego podejmowania decyzji, w tym do profilowania.<\/p>\n\n\n\n<h3 class=\"wp-block-heading\">1. Informacje dodatkowe.<\/h3>\n\n\n\n<p>1. W\u0142a\u015bcicielem serwisu jest DAMA Projektmanagement Mittel- und Osteuropa.<br>Daria Mak-Walther<br>Tiefenbachweg 4a * 34295 Ederm\u00fcnde-Besse<\/p>\n\n\n\n<p>2. Serwis realizuje funkcje pozyskiwania informacji o u\u017cytkownikach i ich zachowaniu w nast\u0119puj\u0105cy spos\u00f3b:<br>a. Poprzez dobrowolnie wprowadzone w formularzach informacje.<br>b. Poprzez zapisywanie w urz\u0105dzeniach ko\u0144cowych pliki cookie (tzw. \u201eciasteczka\u201d).<br>c. Poprzez gromadzenie log\u00f3w za pomoc\u0105 us\u0142ugi Google Analytics (je\u017celi potwierdzisz swoj\u0105 zgod\u0119).<\/p>\n\n\n\n<h3 class=\"wp-block-heading\">2. Informacje w formularzach.<\/h3>\n\n\n\n<p>1. Serwis zbiera informacje podane dobrowolnie przez u\u017cytkownika.<br>2. Serwis mo\u017ce zapisa\u0107 ponadto informacje o parametrach po\u0142\u0105czenia (oznaczenie czasu, adres IP)<br>3. Dane w formularzu umieszczonym na stronie internetowej nie s\u0105 udost\u0119pniane podmiotom trzecim inaczej, ni\u017c za zgod\u0105 u\u017cytkownika.<br>4. Dane podane w formularzu s\u0105 przetwarzane w celu wynikaj\u0105cym z funkcji konkretnego formularza, np w celu dokonania procesu obs\u0142ugi zg\u0142oszenia serwisowego lub kontaktu handlowego.<\/p>\n\n\n\n<p> <h3>3. Dane przetwarzane w zwi\u0105zku z rejestracj\u0105 lub uczestnictwem w eventach.<\/h3><p>1. Dane: imi\u0119 i nazwisko, adres e-mail, nazwa firmy\/instytucji\/organizacji\/redakcji\/uczelni, stanowisko, kraj, kod pocztowy, miasto, wojew\u00f3dztwo, telefon stacjonarny, telefon kom\u00f3rkowy, dane logowania (adres e-mail oraz has\u0142o). W przypadku niekt\u00f3rych us\u0142ug tak\u017ce fotografia.<\/p><\/p>\n\n\n\n<p><p><span style=\"background-color: var(--nv-site-bg); color: var(--nv-text-color); font-family: var(--bodyfontfamily); font-size: var(--bodyfontsize); font-weight: var(--bodyfontweight); letter-spacing: var(--bodyletterspacing); text-transform: var(--bodytexttransform);\">2. Administratorem danych jest DAMA Projektmanagement MOE.<\/span><br>3. Dane przetwarzane b\u0119d\u0105 w celach: rejestracji na event oraz za\u0142o\u017cenia indywidualnego konta w systemie rejestracyjnym, kt\u00f3re b\u0119dzie umo\u017cliwia\u0107 zmian\u0119 danych uczestnika i dost\u0119p do innych us\u0142ug \u015bwiadczonych przez DAMA MOE; ewentualnego po\u015bredniczenia w rezerwacji miejsca noclegowego i jej rozliczeniu; umo\u017cliwienia umawiania spotka\u0144 pomi\u0119dzy zarejestrowanymi uczestnikami eventu z wykorzystaniem dedykowanego komunikatora na urz\u0105dzenia mobilne (dost\u0119pnego jako dodatkowa us\u0142uga); udost\u0119pnienia danych organizatorom, partnerom i sponsorom eventu w celu umo\u017cliwienia im komunikowania si\u0119 z uczestnikiem lub marketingu ich us\u0142ug (w formie korespondencji pisemnej, elektronicznej lub z wykorzystaniem urz\u0105dze\u0144 telekomunikacjynych jak np. telefony, SMS-y, dane odbiorc\u00f3w danych jw. b\u0119d\u0105 na bie\u017c\u0105co publikowane i aktualizowane na odpowiednich stronach eventu lub w materia\u0142ach informacyjnych; obs\u0142ugi reklamacji i zabezpieczenia roszcze\u0144.<br>4. Podstaw\u0105 przetwarzania danych jest niezb\u0119dno\u015b\u0107 do realizacji ww. cel\u00f3w, kt\u00f3re wynikaj\u0105 z prawnie uzasadnionych interes\u00f3w administratora lub stron trzecich oraz niezb\u0119dno\u015b\u0107 do wykonania umowy lub do podj\u0119cia dzia\u0142a\u0144 na \u017c\u0105danie uczestnika przed zawarciem umowy. <\/p><\/p>\n\n\n\n<p>5. Administrator mo\u017ce udost\u0119pni\u0107 dane innym odbiorcom wy\u0142\u0105cznie na \u017c\u0105danie podmiot\u00f3w do tego uprawnionych przez prawo lub kiedy b\u0119dzie to niezb\u0119dne do realizacji ww. cel\u00f3w np. organizatorom, partnerom i sponsorom eventu; listy takich odbiorc\u00f3w danych b\u0119d\u0105 na bie\u017c\u0105co publikowane i aktualizowane na odpowiednich stronach eventu lub w materia\u0142ach informacyjnych. Administrator przechowuje dane jedynie przez czas, jaki jest niezb\u0119dny dla zrealizowania ww. cel\u00f3w, nie d\u0142u\u017cej ni\u017c do momentu sprzeciwu wobec przetwarzania.<p><span style=\"color: var(--nv-text-color); font-family: var(--bodyfontfamily); font-size: var(--bodyfontsize); font-weight: var(--bodyfontweight); letter-spacing: var(--bodyletterspacing); text-transform: var(--bodytexttransform); background-color: var(--nv-site-bg);\">    <\/span><\/p><\/p>\n\n\n\n<h3 class=\"wp-block-heading\">4. Dane przetwarzane w zwi\u0105zku z zam\u00f3wieniem newslettera.<\/h3>\n\n\n\n<p>1. Dane: w zwi\u0105zku z zam\u00f3wieniem newslettera przetwarzany mo\u017ce by\u0107 adres e-mail, nazwisko i imi\u0119 u\u017cytkownika, nazwa organizacji\/instytucji itp. oraz inne dane, je\u017celi b\u0119d\u0105 podane przez u\u017cytkownika.<br>2. Dane przetwarzane b\u0119d\u0105 w celach: przes\u0142ania zam\u00f3wionego newslettera, weryfikacji uprawie\u0144 do otrzymania okre\u015blonych tre\u015bci lub us\u0142ug; marketingu us\u0142ug i komunikowania si\u0119 przez DAMA MOE z korzystaj\u0105cymi z newslettera; dopasowania tre\u015bci i reklam do zainteresowa\u0144 u\u017cytkownik\u00f3w; prowadzenia statystyk, pomiar\u00f3w jako\u015bci i skuteczno\u015bci; obs\u0142ugi reklamacji i zabezpieczenia roszcze\u0144.<br>3. <span style=\"color: var(--nv-text-color); font-family: var(--bodyfontfamily); font-size: var(--bodyfontsize); font-weight: var(--bodyfontweight); letter-spacing: var(--bodyletterspacing); text-transform: var(--bodytexttransform); background-color: var(--nv-site-bg);\">Podstaw\u0105 przetwarzania danych jest niezb\u0119dno\u015b\u0107 do wykonania umowy lub do podj\u0119cia dzia\u0142a\u0144 na \u017c\u0105danie u\u017cytkownika przed zawarciem umowy oraz niezb\u0119dno\u015b\u0107 do realizacji ww. cel\u00f3w, kt\u00f3re wynikaj\u0105 z prawnie uzasadnionych interes\u00f3w administratora lub os\u00f3b trzecich.<\/span><br>4. Prawnie uzasadnione interesy polegaj\u0105 na sta\u0142ym podnoszeniu jako\u015bci, zwi\u0119kszaniu dost\u0119pno\u015bci i atrakcyjno\u015bci newsletter\u00f3w i innych serwis\u00f3w informacyjnych DAMA MOE, zwi\u0119kszeniu ilo\u015bci zamawianych newsletter\u00f3w.<br>5. Administrator mo\u017ce udost\u0119pni\u0107 dane innym odbiorcom wy\u0142\u0105cznie na \u017c\u0105danie podmiot\u00f3w do tego uprawnionych przez prawo lub kiedy b\u0119dzie to niezb\u0119dne do realizacji ww. cel\u00f3w np. podmiotom zapewniaj\u0105cym hosting, serwis IT itp. Administrator przechowuje dane jedynie przez czas, jaki jest niezb\u0119dny dla zrealizowania ww. cel\u00f3w, nie d\u0142u\u017cej ni\u017c do momentu sprzeciwu wobec przetwarzania.  <\/p>\n\n\n\n<h3 class=\"wp-block-heading\">5. Informacja o plikach cookies.<\/h3>\n\n\n\n<p>1. Serwis korzysta z plik\u00f3w cookies.<br>2. Pliki cookies (tzw. \u201eciasteczka\u201d) stanowi\u0105 dane informatyczne, w szczeg\u00f3lno\u015bci pliki tekstowe, kt\u00f3re przechowywane s\u0105 w urz\u0105dzeniu ko\u0144cowym U\u017cytkownika Serwisu i przeznaczone s\u0105 do korzystania ze stron internetowych Serwisu. Cookies zazwyczaj zawieraj\u0105 nazw\u0119 strony internetowej, z kt\u00f3rej pochodz\u0105, czas przechowywania ich na urz\u0105dzeniu ko\u0144cowym oraz unikalny numer.<br>3. Podmiotem zamieszczaj\u0105cym na urz\u0105dzeniu ko\u0144cowym U\u017cytkownika Serwisu pliki cookies oraz uzyskuj\u0105cym do nich dost\u0119p jest operator Serwisu.<br>4. Pliki cookies wykorzystywane s\u0105 w nast\u0119puj\u0105cych celach:<br>a. tworzenia statystyk, kt\u00f3re pomagaj\u0105 zrozumie\u0107, w jaki spos\u00f3b U\u017cytkownicy Serwisu korzystaj\u0105 ze stron internetowych, co umo\u017cliwia ulepszanie ich struktury i zawarto\u015bci;<br>b. utrzymanie sesji U\u017cytkownika Serwisu (po zalogowaniu), dzi\u0119ki kt\u00f3rej U\u017cytkownik nie musi na ka\u017cdej podstronie Serwisu ponownie wpisywa\u0107 loginu i has\u0142a.<br>5. W ramach Serwisu stosowane s\u0105 dwa zasadnicze rodzaje plik\u00f3w cookies: \u201esesyjne\u201d (session cookies) oraz \u201esta\u0142e\u201d (persistent cookies). Cookies \u201esesyjne\u201d s\u0105 plikami tymczasowymi, kt\u00f3re przechowywane s\u0105 w urz\u0105dzeniu ko\u0144cowym U\u017cytkownika do czasu wylogowania, opuszczenia strony internetowej lub wy\u0142\u0105czenia oprogramowania (przegl\u0105darki internetowej). \u201eSta\u0142e\u201d pliki cookies przechowywane s\u0105 w urz\u0105dzeniu ko\u0144cowym U\u017cytkownika przez czas okre\u015blony w parametrach plik\u00f3w cookies lub do czasu ich usuni\u0119cia przez U\u017cytkownika.<br>6. Oprogramowanie do przegl\u0105dania stron internetowych (przegl\u0105darka internetowa) zazwyczaj domy\u015blnie dopuszcza przechowywanie plik\u00f3w cookies w urz\u0105dzeniu ko\u0144cowym U\u017cytkownika. U\u017cytkownicy Serwisu mog\u0105 dokona\u0107 zmiany ustawie\u0144 w tym zakresie. Przegl\u0105darka internetowa umo\u017cliwia usuni\u0119cie plik\u00f3w cookies. Mo\u017cliwe jest tak\u017ce automatyczne blokowanie plik\u00f3w cookies Szczeg\u00f3\u0142owe informacje na ten temat zawiera pomoc lub dokumentacja przegl\u0105darki internetowej.<br>7. Ograniczenia stosowania plik\u00f3w cookies mog\u0105 wp\u0142yn\u0105\u0107 na niekt\u00f3re funkcjonalno\u015bci dost\u0119pne na stronach internetowych Serwisu.<br>8. Zalecamy przeczytanie polityki ochrony prywatno\u015bci tych firm, aby pozna\u0107 zasady korzystania z plik\u00f3w cookie wykorzystywane w statystykach: Polityka ochrony prywatno\u015bci Google Analytics<\/p>\n\n\n\n<h3 class=\"wp-block-heading\">6. Logi serwera.<\/h3>\n\n\n\n<p>1. Informacje o niekt\u00f3rych zachowaniach u\u017cytkownik\u00f3w podlegaj\u0105 logowaniu w warstwie serwerowej. Dane te s\u0105 wykorzystywane wy\u0142\u0105cznie w celu administrowania serwisem oraz w celu zapewnienia jak najbardziej sprawnej obs\u0142ugi \u015bwiadczonych us\u0142ug hostingowych.<br>2. Przegl\u0105dane zasoby identyfikowane s\u0105 poprzez adresy URL. Ponadto zapisowi mog\u0105 podlega\u0107:<br>a. czas nadej\u015bcia zapytania,<br>b. czas wys\u0142ania odpowiedzi,<br>c. nazw\u0119 stacji klienta \u2013 identyfikacja realizowana przez protok\u00f3\u0142 HTTP,<br>d. informacje o b\u0142\u0119dach jakie nast\u0105pi\u0142y przy realizacji transakcji HTTP,<br>e. adres URL strony poprzednio odwiedzanej przez u\u017cytkownika (referer link) \u2013 w przypadku gdy przej\u015bcie do Serwisu nast\u0105pi\u0142o przez odno\u015bnik,<br>f. informacje o przegl\u0105darce u\u017cytkownika,<br>g. Informacje o adresie IP.<br>3. Dane powy\u017csze nie s\u0105 kojarzone z konkretnymi osobami przegl\u0105daj\u0105cymi strony.<br>4. Dane powy\u017csze s\u0105 wykorzystywane jedynie dla cel\u00f3w administrowania serwerem.<\/p>\n\n\n\n<h3 class=\"wp-block-heading\">7. Udost\u0119pnienie danych.<\/h3>\n\n\n\n<p>1. Dane nie podlegaj\u0105 udost\u0119pnianiu \u017cadnym podmiotom trzecim.<br>2. Operator mo\u017ce mie\u0107 obowi\u0105zek udzielania informacji zebranych przez Serwis upowa\u017cnionym organom na podstawie zgodnych z prawem \u017c\u0105da\u0144 w zakresie wynikaj\u0105cym z \u017c\u0105dania.<\/p>\n\n\n\n<h3 class=\"wp-block-heading\">8. Zarz\u0105dzanie plikami cookies \u2013 jak w praktyce wyra\u017ca\u0107 i cofa\u0107 zgod\u0119?<\/h3>\n\n\n\n<p>1. Je\u015bli u\u017cytkownik nie chce otrzymywa\u0107 plik\u00f3w cookies, mo\u017ce zmieni\u0107 ustawienia przegl\u0105darki. Zastrzegamy, \u017ce wy\u0142\u0105czenie obs\u0142ugi plik\u00f3w cookies niezb\u0119dnych dla proces\u00f3w uwierzytelniania, bezpiecze\u0144stwa, utrzymania preferencji u\u017cytkownika mo\u017ce utrudni\u0107, a w skrajnych przypadkach mo\u017ce uniemo\u017cliwi\u0107 korzystanie ze strony www<\/p>\n\n\n\n<p>Stan: luty 2023<\/p>\n","protected":false},"excerpt":{"rendered":"<p>Dzi\u0119kujemy, \u017ce odwiedzasz nasz\u0105 stron\u0119 internetow\u0105 i \u017ce jeste\u015b zainteresowany nasz\u0105 firm\u0105 i naszymi us\u0142ugami. Ochrona danych jest dla nas bardzo wa\u017cna i przywi\u0105zujemy du\u017c\u0105 wag\u0119 do bezpiecze\u0144stwa danych u\u017cytkownik\u00f3w i przestrzegania przepis\u00f3w o ochronie danych. Jednak gdy tylko skorzystasz z poszczeg\u00f3lnych funkcji, us\u0142ug lub ofert w naszym serwisie, dane osobowe mog\u0105 by\u0107 przetwarzane. Gromadzimy,&hellip;&nbsp;<a href=\"https:\/\/dama-moe.de\/pl\/polityka-prywatnosci-twoje-dane-sa-bezpieczne-i-dama-moe\/\" rel=\"bookmark\">Dowiedz si\u0119 wi\u0119cej &raquo;<span class=\"screen-reader-text\">Polityka prywatno\u015bci<\/span><\/a><\/p>\n","protected":false},"author":1,"featured_media":0,"parent":0,"menu_order":0,"comment_status":"closed","ping_status":"closed","template":"","meta":{"neve_meta_sidebar":"","neve_meta_container":"","neve_meta_enable_content_width":"","neve_meta_content_width":0,"neve_meta_title_alignment":"","neve_meta_author_avatar":"","neve_post_elements_order":"","neve_meta_disable_header":"","neve_meta_disable_footer":"","neve_meta_disable_title":"","footnotes":""},"class_list":["post-90","page","type-page","status-publish","hentry"],"yoast_head":"<!-- This site is optimized with the Yoast SEO plugin v27.4 - https:\/\/yoast.com\/product\/yoast-seo-wordpress\/ -->\n<title>Polityka prywatno\u015bci - DARIA MAK-WALTHER<\/title>\n<meta name=\"description\" content=\"Dowiedz si\u0119, jak chronimy Twoje dane osobowe zgodnie z RODO. Celujemy na przejrzysto\u015b\u0107 i bezpiecze\u0144stwo naszych partner\u00f3w i klient\u00f3w.\" \/>\n<meta name=\"robots\" content=\"index, follow, max-snippet:-1, max-image-preview:large, max-video-preview:-1\" \/>\n<link rel=\"canonical\" href=\"https:\/\/dama-moe.de\/pl\/polityka-prywatnosci-twoje-dane-sa-bezpieczne-i-dama-moe\/\" \/>\n<meta property=\"og:locale\" content=\"pl_PL\" \/>\n<meta property=\"og:type\" content=\"article\" \/>\n<meta property=\"og:title\" content=\"Polityka prywatno\u015bci - DARIA MAK-WALTHER\" \/>\n<meta property=\"og:description\" content=\"Dowiedz si\u0119, jak chronimy Twoje dane osobowe zgodnie z RODO. Celujemy na przejrzysto\u015b\u0107 i bezpiecze\u0144stwo naszych partner\u00f3w i klient\u00f3w.\" \/>\n<meta property=\"og:url\" content=\"https:\/\/dama-moe.de\/pl\/polityka-prywatnosci-twoje-dane-sa-bezpieczne-i-dama-moe\/\" \/>\n<meta property=\"og:site_name\" content=\"DARIA MAK-WALTHER\" \/>\n<meta property=\"article:modified_time\" content=\"2025-05-07T08:25:04+00:00\" \/>\n<meta name=\"twitter:card\" content=\"summary_large_image\" \/>\n<meta name=\"twitter:label1\" content=\"Szacowany czas czytania\" \/>\n\t<meta name=\"twitter:data1\" content=\"11 minut\" \/>\n<script type=\"application\/ld+json\" class=\"yoast-schema-graph\">{\"@context\":\"https:\\\/\\\/schema.org\",\"@graph\":[{\"@type\":\"WebPage\",\"@id\":\"https:\\\/\\\/dama-moe.de\\\/pl\\\/polityka-prywatnosci-twoje-dane-sa-bezpieczne-i-dama-moe\\\/\",\"url\":\"https:\\\/\\\/dama-moe.de\\\/pl\\\/polityka-prywatnosci-twoje-dane-sa-bezpieczne-i-dama-moe\\\/\",\"name\":\"Polityka prywatno\u015bci - DARIA MAK-WALTHER\",\"isPartOf\":{\"@id\":\"https:\\\/\\\/dama-moe.de\\\/pl\\\/#website\"},\"datePublished\":\"2023-02-01T16:28:49+00:00\",\"dateModified\":\"2025-05-07T08:25:04+00:00\",\"description\":\"Dowiedz si\u0119, jak chronimy Twoje dane osobowe zgodnie z RODO. Celujemy na przejrzysto\u015b\u0107 i bezpiecze\u0144stwo naszych partner\u00f3w i klient\u00f3w.\",\"breadcrumb\":{\"@id\":\"https:\\\/\\\/dama-moe.de\\\/pl\\\/polityka-prywatnosci-twoje-dane-sa-bezpieczne-i-dama-moe\\\/#breadcrumb\"},\"inLanguage\":\"pl-PL\",\"potentialAction\":[{\"@type\":\"ReadAction\",\"target\":[\"https:\\\/\\\/dama-moe.de\\\/pl\\\/polityka-prywatnosci-twoje-dane-sa-bezpieczne-i-dama-moe\\\/\"]}]},{\"@type\":\"BreadcrumbList\",\"@id\":\"https:\\\/\\\/dama-moe.de\\\/pl\\\/polityka-prywatnosci-twoje-dane-sa-bezpieczne-i-dama-moe\\\/#breadcrumb\",\"itemListElement\":[{\"@type\":\"ListItem\",\"position\":1,\"name\":\"Startseite\",\"item\":\"https:\\\/\\\/dama-moe.de\\\/pl\\\/\"},{\"@type\":\"ListItem\",\"position\":2,\"name\":\"Polityka prywatno\u015bci\"}]},{\"@type\":\"WebSite\",\"@id\":\"https:\\\/\\\/dama-moe.de\\\/pl\\\/#website\",\"url\":\"https:\\\/\\\/dama-moe.de\\\/pl\\\/\",\"name\":\"DARIA MAK-WALTHER\",\"description\":\"Wspieramy Ci\u0119 w internacjonalizacji\",\"publisher\":{\"@id\":\"https:\\\/\\\/dama-moe.de\\\/pl\\\/#organization\"},\"potentialAction\":[{\"@type\":\"SearchAction\",\"target\":{\"@type\":\"EntryPoint\",\"urlTemplate\":\"https:\\\/\\\/dama-moe.de\\\/pl\\\/?s={search_term_string}\"},\"query-input\":{\"@type\":\"PropertyValueSpecification\",\"valueRequired\":true,\"valueName\":\"search_term_string\"}}],\"inLanguage\":\"pl-PL\"},{\"@type\":\"Organization\",\"@id\":\"https:\\\/\\\/dama-moe.de\\\/pl\\\/#organization\",\"name\":\"DARIA MAK-WALTHER\",\"url\":\"https:\\\/\\\/dama-moe.de\\\/pl\\\/\",\"logo\":{\"@type\":\"ImageObject\",\"inLanguage\":\"pl-PL\",\"@id\":\"https:\\\/\\\/dama-moe.de\\\/pl\\\/#\\\/schema\\\/logo\\\/image\\\/\",\"url\":\"\",\"contentUrl\":\"\",\"caption\":\"DARIA MAK-WALTHER\"},\"image\":{\"@id\":\"https:\\\/\\\/dama-moe.de\\\/pl\\\/#\\\/schema\\\/logo\\\/image\\\/\"}}]}<\/script>\n<!-- \/ Yoast SEO plugin. -->","yoast_head_json":{"title":"Polityka prywatno\u015bci - DARIA MAK-WALTHER","description":"Dowiedz si\u0119, jak chronimy Twoje dane osobowe zgodnie z RODO. Celujemy na przejrzysto\u015b\u0107 i bezpiecze\u0144stwo naszych partner\u00f3w i klient\u00f3w.","robots":{"index":"index","follow":"follow","max-snippet":"max-snippet:-1","max-image-preview":"max-image-preview:large","max-video-preview":"max-video-preview:-1"},"canonical":"https:\/\/dama-moe.de\/pl\/polityka-prywatnosci-twoje-dane-sa-bezpieczne-i-dama-moe\/","og_locale":"pl_PL","og_type":"article","og_title":"Polityka prywatno\u015bci - DARIA MAK-WALTHER","og_description":"Dowiedz si\u0119, jak chronimy Twoje dane osobowe zgodnie z RODO. Celujemy na przejrzysto\u015b\u0107 i bezpiecze\u0144stwo naszych partner\u00f3w i klient\u00f3w.","og_url":"https:\/\/dama-moe.de\/pl\/polityka-prywatnosci-twoje-dane-sa-bezpieczne-i-dama-moe\/","og_site_name":"DARIA MAK-WALTHER","article_modified_time":"2025-05-07T08:25:04+00:00","twitter_card":"summary_large_image","twitter_misc":{"Szacowany czas czytania":"11 minut"},"schema":{"@context":"https:\/\/schema.org","@graph":[{"@type":"WebPage","@id":"https:\/\/dama-moe.de\/pl\/polityka-prywatnosci-twoje-dane-sa-bezpieczne-i-dama-moe\/","url":"https:\/\/dama-moe.de\/pl\/polityka-prywatnosci-twoje-dane-sa-bezpieczne-i-dama-moe\/","name":"Polityka prywatno\u015bci - DARIA MAK-WALTHER","isPartOf":{"@id":"https:\/\/dama-moe.de\/pl\/#website"},"datePublished":"2023-02-01T16:28:49+00:00","dateModified":"2025-05-07T08:25:04+00:00","description":"Dowiedz si\u0119, jak chronimy Twoje dane osobowe zgodnie z RODO. Celujemy na przejrzysto\u015b\u0107 i bezpiecze\u0144stwo naszych partner\u00f3w i klient\u00f3w.","breadcrumb":{"@id":"https:\/\/dama-moe.de\/pl\/polityka-prywatnosci-twoje-dane-sa-bezpieczne-i-dama-moe\/#breadcrumb"},"inLanguage":"pl-PL","potentialAction":[{"@type":"ReadAction","target":["https:\/\/dama-moe.de\/pl\/polityka-prywatnosci-twoje-dane-sa-bezpieczne-i-dama-moe\/"]}]},{"@type":"BreadcrumbList","@id":"https:\/\/dama-moe.de\/pl\/polityka-prywatnosci-twoje-dane-sa-bezpieczne-i-dama-moe\/#breadcrumb","itemListElement":[{"@type":"ListItem","position":1,"name":"Startseite","item":"https:\/\/dama-moe.de\/pl\/"},{"@type":"ListItem","position":2,"name":"Polityka prywatno\u015bci"}]},{"@type":"WebSite","@id":"https:\/\/dama-moe.de\/pl\/#website","url":"https:\/\/dama-moe.de\/pl\/","name":"DARIA MAK-WALTHER","description":"Wspieramy Ci\u0119 w internacjonalizacji","publisher":{"@id":"https:\/\/dama-moe.de\/pl\/#organization"},"potentialAction":[{"@type":"SearchAction","target":{"@type":"EntryPoint","urlTemplate":"https:\/\/dama-moe.de\/pl\/?s={search_term_string}"},"query-input":{"@type":"PropertyValueSpecification","valueRequired":true,"valueName":"search_term_string"}}],"inLanguage":"pl-PL"},{"@type":"Organization","@id":"https:\/\/dama-moe.de\/pl\/#organization","name":"DARIA MAK-WALTHER","url":"https:\/\/dama-moe.de\/pl\/","logo":{"@type":"ImageObject","inLanguage":"pl-PL","@id":"https:\/\/dama-moe.de\/pl\/#\/schema\/logo\/image\/","url":"","contentUrl":"","caption":"DARIA MAK-WALTHER"},"image":{"@id":"https:\/\/dama-moe.de\/pl\/#\/schema\/logo\/image\/"}}]}},"_links":{"self":[{"href":"https:\/\/dama-moe.de\/pl\/wp-json\/wp\/v2\/pages\/90","targetHints":{"allow":["GET"]}}],"collection":[{"href":"https:\/\/dama-moe.de\/pl\/wp-json\/wp\/v2\/pages"}],"about":[{"href":"https:\/\/dama-moe.de\/pl\/wp-json\/wp\/v2\/types\/page"}],"author":[{"embeddable":true,"href":"https:\/\/dama-moe.de\/pl\/wp-json\/wp\/v2\/users\/1"}],"replies":[{"embeddable":true,"href":"https:\/\/dama-moe.de\/pl\/wp-json\/wp\/v2\/comments?post=90"}],"version-history":[{"count":17,"href":"https:\/\/dama-moe.de\/pl\/wp-json\/wp\/v2\/pages\/90\/revisions"}],"predecessor-version":[{"id":777,"href":"https:\/\/dama-moe.de\/pl\/wp-json\/wp\/v2\/pages\/90\/revisions\/777"}],"wp:attachment":[{"href":"https:\/\/dama-moe.de\/pl\/wp-json\/wp\/v2\/media?parent=90"}],"curies":[{"name":"wp","href":"https:\/\/api.w.org\/{rel}","templated":true}]}}