{"id":59,"date":"2023-02-01T16:46:47","date_gmt":"2023-02-01T15:46:47","guid":{"rendered":"http:\/\/test.dama-moe.de\/pl\/?page_id=59"},"modified":"2025-06-26T16:23:35","modified_gmt":"2025-06-26T14:23:35","slug":"o-nas-projekty-w-niemczech-austrii-i-szwajcarii-i-dama-moe","status":"publish","type":"page","link":"https:\/\/dama-moe.de\/pl\/home-dama-moe-zarzadzanie-projektami-na-rynkach-niemieckojezycznych\/o-nas-projekty-w-niemczech-austrii-i-szwajcarii-i-dama-moe\/","title":{"rendered":"O nas"},"content":{"rendered":"\n<div class=\"wp-block-columns is-layout-flex wp-container-core-columns-is-layout-9d6595d7 wp-block-columns-is-layout-flex\">\n<div class=\"wp-block-column is-layout-flow wp-block-column-is-layout-flow\" style=\"flex-basis:33.33%\">\n<figure class=\"wp-block-image size-large\"><img loading=\"lazy\" decoding=\"async\" width=\"1024\" height=\"716\" src=\"https:\/\/dama-moe.de\/pl\/wp-content\/uploads\/sites\/3\/2023\/02\/PicturePeople-2-1024x716.jpg\" alt=\"\" class=\"wp-image-451\" srcset=\"https:\/\/dama-moe.de\/pl\/wp-content\/uploads\/sites\/3\/2023\/02\/PicturePeople-2-1024x716.jpg 1024w, https:\/\/dama-moe.de\/pl\/wp-content\/uploads\/sites\/3\/2023\/02\/PicturePeople-2-300x210.jpg 300w, https:\/\/dama-moe.de\/pl\/wp-content\/uploads\/sites\/3\/2023\/02\/PicturePeople-2-768x537.jpg 768w, https:\/\/dama-moe.de\/pl\/wp-content\/uploads\/sites\/3\/2023\/02\/PicturePeople-2-1536x1075.jpg 1536w, https:\/\/dama-moe.de\/pl\/wp-content\/uploads\/sites\/3\/2023\/02\/PicturePeople-2.jpg 1695w\" sizes=\"auto, (max-width: 1024px) 100vw, 1024px\" \/><\/figure>\n<\/div>\n\n\n\n<div class=\"wp-block-column is-layout-flow wp-block-column-is-layout-flow\" style=\"flex-basis:66.66%\">\n<p>W czasach globalizacji i internacjonalizacji szczeg\u00f3lnie ma\u0142e i \u015brednie przedsi\u0119biorstwa potrzebuj\u0105 du\u017cej ilo\u015bci przefiltrowanych informacji, kompleksowego indywidualnego doradztwa i r\u00f3\u017cnorodnych kontakt\u00f3w. Otrzymujesz ten szeroki zakres informacji od naszej firmy w spos\u00f3b scentralizowany i indywidualny.<\/p>\n\n\n\n<h3 class=\"wp-block-heading has-text-align-center has-text-color\" style=\"color:#cc212d\">Nasza oferta &#8222;Wszystko z jednej r\u0119ki&#8221;<\/h3>\n\n\n\n<p>Na podstawie czynnik\u00f3w takich jak blisko\u015b\u0107 geograficzna, wielko\u015b\u0107 rynku, znajomo\u015b\u0107 j\u0119zyka i mentalno\u015bci obs\u0142ugujemy rynki takich kraj\u00f3w jak Niemcy, Austria, Szwajcaria, Rosja (obecnie nieaktywna), Ukraina, Kazachstan, pozosta\u0142e republiki WNP, Mo\u0142dawia. W innych krajach, takich jak W\u0119gry, Czechy, S\u0142owacja, cz\u0119\u015bciowo Skandynawia i kraje nadba\u0142tyckie, wsp\u00f3\u0142pracujemy z r\u00f3\u017cnymi partnerami w zale\u017cno\u015bci od tematu i zakresu projektu. <\/p>\n<\/div>\n<\/div>\n\n\n\n<p style=\"font-size:25px\"><strong>Kojarzysz to?<\/strong><\/p>\n\n\n\n<ul class=\"wp-block-list\">\n<li>Sprzedajesz na rynkach Europy Zachodniej, ale biznes nie nabiera rozp\u0119du?<\/li>\n\n\n\n<li>Tw\u00f3j partner handlowy w Niemczech jest sympatyczn\u0105 osob\u0105, ale nie dba o Twoj\u0105 reputacj\u0119 i marketing Twoich produkt\u00f3w?<\/li>\n\n\n\n<li>Oferujesz produkty wysokiej jako\u015bci, ale nie udaje Ci si\u0119 przekona\u0107 potencjalnych partner\u00f3w biznesowych?<\/li>\n\n\n\n<li>Mimo zainteresowania ofert\u0105 Twojej firmy na targach, brak dalszego kontaktu?<\/li>\n\n\n\n<li>M\u00f3wisz w tym samym j\u0119zyku, ale Tw\u00f3j klient Ci\u0119 nie rozumie?&nbsp;<\/li>\n<\/ul>\n\n\n\n<p>Dobre (po)rady znajdziesz na ka\u017cdym rogu, zw\u0142aszcza je\u015bli chodzi o ekspansj\u0119 na rynki niemieckoj\u0119zyczne! To, czy s\u0105 one dla Twojej firmy sensowne, oka\u017ce si\u0119 dopiero po ich pomy\u015blnym wdro\u017ceniu. Wyb\u00f3r odpowiednich partner\u00f3w, czy to w zakresie sprzeda\u017cy, zaopatrzenia czy projekt\u00f3w, na rynku docelowym odgrywa kluczow\u0105 rol\u0119 w sukcesie ekonomicznym na rynkach zagranicznych. Niew\u0142a\u015bciwa strategia wej\u015bcia na rynek docelowy i nieprawid\u0142owy dob\u00f3r partner\u00f3w biznesowych mo\u017ce czasem by\u0107 przyczyn\u0105 niepowodzenia. Znalezienie optymalnej \u015bcie\u017cki ekspansji to przede wszystkim okre\u015blenie cel\u00f3w internacjonalizacji, dostosowanych do warunk\u00f3w danego rynku docelowego, okre\u015blenie \u201eszeroko\u015bci\u201d i \u201ed\u0142ugo\u015bci\u201d zaanga\u017cowania, wyznaczenie odpowiedniego bud\u017cetu oraz ocena i wyb\u00f3r odpowiednich partner\u00f3w do wsp\u00f3\u0142pracy. <\/p>\n\n\n\n<p><strong>Doradztwo i wsparcie w procesie internacjonalizacji mo\u017ce by\u0107 dofinansowane z r\u00f3\u017cnych program\u00f3w UE i krajowych. <\/strong><br>Firmy na rynku niemieckim mog\u0105 otrzyma\u0107 dofinansowanie na nasze us\u0142ugi z program\u00f3w kraj\u00f3w zwi\u0105zkowych oraz z bud\u017cetu federalnego\/UE. Nasza firma jest zarejestrowana jako kompetentny podmiot ds. ekspansji przy IPH Hesji oraz w <a href=\"https:\/\/www.bafa.de\/DE\/Wirtschaft\/Beratung_Finanzierung\/Unternehmensberatung\/unternehmensberatung_node.html\">Federal Office for Economic Affairs and Export Control (BAFA)<\/a>. W Polsce jeste\u015bmy na li\u015bcie doradc\u00f3w PARP.<\/p>\n\n\n\n<h3 class=\"wp-block-heading\">Z nami wr\u00f3cisz na w\u0142a\u015bciwe tory<strong>!<\/strong><\/h3>\n\n\n\n<p><\/p>\n\n\n\n<div class=\"wp-block-buttons alignwide is-content-justification-right is-layout-flex wp-container-core-buttons-is-layout-765c4724 wp-block-buttons-is-layout-flex\">\n<div class=\"wp-block-button\"><a class=\"wp-block-button__link has-nv-c-1-color has-text-color has-background has-medium-font-size has-text-align-right has-custom-font-size wp-element-button\" href=\"https:\/\/dama-moe.de\/pl\/kontakt-pl\/\" style=\"border-radius:39px;background-color:#262b85\">Skontaktuj si\u0119 z nami w celu om\u00f3wienia szczeg\u00f3\u0142\u00f3w wsp\u00f3\u0142pracy<\/a><\/div>\n<\/div>\n\n\n\n<p><\/p>\n\n\n\n<div class=\"wp-block-buttons is-layout-flex wp-block-buttons-is-layout-flex\"><\/div>\n\n\n\n<div class=\"wp-block-buttons is-content-justification-right is-layout-flex wp-container-core-buttons-is-layout-765c4724 wp-block-buttons-is-layout-flex\">\n<div class=\"wp-block-button is-style-primary\"><a class=\"wp-block-button__link wp-element-button\" href=\"https:\/\/dama-moe.de\/pl\/startseite\/o-nas\/nasza-filozofia\/\" style=\"border-radius:76px\">nasza filozofia<\/a><\/div>\n<\/div>\n\n\n\n<p><\/p>\n","protected":false},"excerpt":{"rendered":"<p>W czasach globalizacji i internacjonalizacji szczeg\u00f3lnie ma\u0142e i \u015brednie przedsi\u0119biorstwa potrzebuj\u0105 du\u017cej ilo\u015bci przefiltrowanych informacji, kompleksowego indywidualnego doradztwa i r\u00f3\u017cnorodnych kontakt\u00f3w. Otrzymujesz ten szeroki zakres informacji od naszej firmy w spos\u00f3b scentralizowany i indywidualny. Nasza oferta &#8222;Wszystko z jednej r\u0119ki&#8221; Na podstawie czynnik\u00f3w takich jak blisko\u015b\u0107 geograficzna, wielko\u015b\u0107 rynku, znajomo\u015b\u0107 j\u0119zyka i mentalno\u015bci obs\u0142ugujemy rynki&hellip;&nbsp;<a href=\"https:\/\/dama-moe.de\/pl\/home-dama-moe-zarzadzanie-projektami-na-rynkach-niemieckojezycznych\/o-nas-projekty-w-niemczech-austrii-i-szwajcarii-i-dama-moe\/\" rel=\"bookmark\">Dowiedz si\u0119 wi\u0119cej &raquo;<span class=\"screen-reader-text\">O nas<\/span><\/a><\/p>\n","protected":false},"author":1,"featured_media":0,"parent":41,"menu_order":0,"comment_status":"closed","ping_status":"closed","template":"","meta":{"neve_meta_sidebar":"default","neve_meta_container":"","neve_meta_enable_content_width":"","neve_meta_content_width":70,"neve_meta_title_alignment":"","neve_meta_author_avatar":"","neve_post_elements_order":"","neve_meta_disable_header":"","neve_meta_disable_footer":"","neve_meta_disable_title":"","footnotes":""},"class_list":["post-59","page","type-page","status-publish","hentry"],"yoast_head":"<!-- This site is optimized with the Yoast SEO plugin v27.4 - https:\/\/yoast.com\/product\/yoast-seo-wordpress\/ -->\n<title>O nas - DARIA MAK-WALTHER<\/title>\n<meta name=\"description\" content=\"D\u0142ugoletnia praktyka w procesie internacjonalizacji, ze szczeg\u00f3lnym uwzgl\u0119dnieniem rynk\u00f3w niemieckoj\u0119zycznych.\" \/>\n<meta name=\"robots\" content=\"index, follow, max-snippet:-1, max-image-preview:large, max-video-preview:-1\" \/>\n<link rel=\"canonical\" href=\"https:\/\/dama-moe.de\/pl\/home-dama-moe-zarzadzanie-projektami-na-rynkach-niemieckojezycznych\/o-nas-projekty-w-niemczech-austrii-i-szwajcarii-i-dama-moe\/\" \/>\n<meta property=\"og:locale\" content=\"pl_PL\" \/>\n<meta property=\"og:type\" content=\"article\" \/>\n<meta property=\"og:title\" content=\"O nas - DARIA MAK-WALTHER\" \/>\n<meta property=\"og:description\" content=\"D\u0142ugoletnia praktyka w procesie internacjonalizacji, ze szczeg\u00f3lnym uwzgl\u0119dnieniem rynk\u00f3w niemieckoj\u0119zycznych.\" \/>\n<meta property=\"og:url\" content=\"https:\/\/dama-moe.de\/pl\/home-dama-moe-zarzadzanie-projektami-na-rynkach-niemieckojezycznych\/o-nas-projekty-w-niemczech-austrii-i-szwajcarii-i-dama-moe\/\" \/>\n<meta property=\"og:site_name\" content=\"DARIA MAK-WALTHER\" \/>\n<meta property=\"article:modified_time\" content=\"2025-06-26T14:23:35+00:00\" \/>\n<meta property=\"og:image\" content=\"https:\/\/dama-moe.de\/pl\/wp-content\/uploads\/sites\/3\/2023\/02\/PicturePeople-2.jpg\" \/>\n\t<meta property=\"og:image:width\" content=\"1695\" \/>\n\t<meta property=\"og:image:height\" content=\"1186\" \/>\n\t<meta property=\"og:image:type\" content=\"image\/jpeg\" \/>\n<meta name=\"twitter:card\" content=\"summary_large_image\" \/>\n<meta name=\"twitter:label1\" content=\"Szacowany czas czytania\" \/>\n\t<meta name=\"twitter:data1\" content=\"3 minuty\" \/>\n<script type=\"application\/ld+json\" class=\"yoast-schema-graph\">{\"@context\":\"https:\\\/\\\/schema.org\",\"@graph\":[{\"@type\":\"WebPage\",\"@id\":\"https:\\\/\\\/dama-moe.de\\\/pl\\\/home-dama-moe-zarzadzanie-projektami-na-rynkach-niemieckojezycznych\\\/o-nas-projekty-w-niemczech-austrii-i-szwajcarii-i-dama-moe\\\/\",\"url\":\"https:\\\/\\\/dama-moe.de\\\/pl\\\/home-dama-moe-zarzadzanie-projektami-na-rynkach-niemieckojezycznych\\\/o-nas-projekty-w-niemczech-austrii-i-szwajcarii-i-dama-moe\\\/\",\"name\":\"O nas - DARIA MAK-WALTHER\",\"isPartOf\":{\"@id\":\"https:\\\/\\\/dama-moe.de\\\/pl\\\/#website\"},\"primaryImageOfPage\":{\"@id\":\"https:\\\/\\\/dama-moe.de\\\/pl\\\/home-dama-moe-zarzadzanie-projektami-na-rynkach-niemieckojezycznych\\\/o-nas-projekty-w-niemczech-austrii-i-szwajcarii-i-dama-moe\\\/#primaryimage\"},\"image\":{\"@id\":\"https:\\\/\\\/dama-moe.de\\\/pl\\\/home-dama-moe-zarzadzanie-projektami-na-rynkach-niemieckojezycznych\\\/o-nas-projekty-w-niemczech-austrii-i-szwajcarii-i-dama-moe\\\/#primaryimage\"},\"thumbnailUrl\":\"https:\\\/\\\/dama-moe.de\\\/pl\\\/wp-content\\\/uploads\\\/sites\\\/3\\\/2023\\\/02\\\/PicturePeople-2-1024x716.jpg\",\"datePublished\":\"2023-02-01T15:46:47+00:00\",\"dateModified\":\"2025-06-26T14:23:35+00:00\",\"description\":\"D\u0142ugoletnia praktyka w procesie internacjonalizacji, ze szczeg\u00f3lnym uwzgl\u0119dnieniem rynk\u00f3w niemieckoj\u0119zycznych.\",\"breadcrumb\":{\"@id\":\"https:\\\/\\\/dama-moe.de\\\/pl\\\/home-dama-moe-zarzadzanie-projektami-na-rynkach-niemieckojezycznych\\\/o-nas-projekty-w-niemczech-austrii-i-szwajcarii-i-dama-moe\\\/#breadcrumb\"},\"inLanguage\":\"pl-PL\",\"potentialAction\":[{\"@type\":\"ReadAction\",\"target\":[\"https:\\\/\\\/dama-moe.de\\\/pl\\\/home-dama-moe-zarzadzanie-projektami-na-rynkach-niemieckojezycznych\\\/o-nas-projekty-w-niemczech-austrii-i-szwajcarii-i-dama-moe\\\/\"]}]},{\"@type\":\"ImageObject\",\"inLanguage\":\"pl-PL\",\"@id\":\"https:\\\/\\\/dama-moe.de\\\/pl\\\/home-dama-moe-zarzadzanie-projektami-na-rynkach-niemieckojezycznych\\\/o-nas-projekty-w-niemczech-austrii-i-szwajcarii-i-dama-moe\\\/#primaryimage\",\"url\":\"https:\\\/\\\/dama-moe.de\\\/pl\\\/wp-content\\\/uploads\\\/sites\\\/3\\\/2023\\\/02\\\/PicturePeople-2.jpg\",\"contentUrl\":\"https:\\\/\\\/dama-moe.de\\\/pl\\\/wp-content\\\/uploads\\\/sites\\\/3\\\/2023\\\/02\\\/PicturePeople-2.jpg\",\"width\":1695,\"height\":1186},{\"@type\":\"BreadcrumbList\",\"@id\":\"https:\\\/\\\/dama-moe.de\\\/pl\\\/home-dama-moe-zarzadzanie-projektami-na-rynkach-niemieckojezycznych\\\/o-nas-projekty-w-niemczech-austrii-i-szwajcarii-i-dama-moe\\\/#breadcrumb\",\"itemListElement\":[{\"@type\":\"ListItem\",\"position\":1,\"name\":\"Startseite\",\"item\":\"https:\\\/\\\/dama-moe.de\\\/pl\\\/\"},{\"@type\":\"ListItem\",\"position\":2,\"name\":\"Home\",\"item\":\"https:\\\/\\\/dama-moe.de\\\/pl\\\/\"},{\"@type\":\"ListItem\",\"position\":3,\"name\":\"O nas\"}]},{\"@type\":\"WebSite\",\"@id\":\"https:\\\/\\\/dama-moe.de\\\/pl\\\/#website\",\"url\":\"https:\\\/\\\/dama-moe.de\\\/pl\\\/\",\"name\":\"DARIA MAK-WALTHER\",\"description\":\"Wspieramy Ci\u0119 w internacjonalizacji\",\"publisher\":{\"@id\":\"https:\\\/\\\/dama-moe.de\\\/pl\\\/#organization\"},\"potentialAction\":[{\"@type\":\"SearchAction\",\"target\":{\"@type\":\"EntryPoint\",\"urlTemplate\":\"https:\\\/\\\/dama-moe.de\\\/pl\\\/?s={search_term_string}\"},\"query-input\":{\"@type\":\"PropertyValueSpecification\",\"valueRequired\":true,\"valueName\":\"search_term_string\"}}],\"inLanguage\":\"pl-PL\"},{\"@type\":\"Organization\",\"@id\":\"https:\\\/\\\/dama-moe.de\\\/pl\\\/#organization\",\"name\":\"DARIA MAK-WALTHER\",\"url\":\"https:\\\/\\\/dama-moe.de\\\/pl\\\/\",\"logo\":{\"@type\":\"ImageObject\",\"inLanguage\":\"pl-PL\",\"@id\":\"https:\\\/\\\/dama-moe.de\\\/pl\\\/#\\\/schema\\\/logo\\\/image\\\/\",\"url\":\"\",\"contentUrl\":\"\",\"caption\":\"DARIA MAK-WALTHER\"},\"image\":{\"@id\":\"https:\\\/\\\/dama-moe.de\\\/pl\\\/#\\\/schema\\\/logo\\\/image\\\/\"}}]}<\/script>\n<!-- \/ Yoast SEO plugin. -->","yoast_head_json":{"title":"O nas - DARIA MAK-WALTHER","description":"D\u0142ugoletnia praktyka w procesie internacjonalizacji, ze szczeg\u00f3lnym uwzgl\u0119dnieniem rynk\u00f3w niemieckoj\u0119zycznych.","robots":{"index":"index","follow":"follow","max-snippet":"max-snippet:-1","max-image-preview":"max-image-preview:large","max-video-preview":"max-video-preview:-1"},"canonical":"https:\/\/dama-moe.de\/pl\/home-dama-moe-zarzadzanie-projektami-na-rynkach-niemieckojezycznych\/o-nas-projekty-w-niemczech-austrii-i-szwajcarii-i-dama-moe\/","og_locale":"pl_PL","og_type":"article","og_title":"O nas - DARIA MAK-WALTHER","og_description":"D\u0142ugoletnia praktyka w procesie internacjonalizacji, ze szczeg\u00f3lnym uwzgl\u0119dnieniem rynk\u00f3w niemieckoj\u0119zycznych.","og_url":"https:\/\/dama-moe.de\/pl\/home-dama-moe-zarzadzanie-projektami-na-rynkach-niemieckojezycznych\/o-nas-projekty-w-niemczech-austrii-i-szwajcarii-i-dama-moe\/","og_site_name":"DARIA MAK-WALTHER","article_modified_time":"2025-06-26T14:23:35+00:00","og_image":[{"width":1695,"height":1186,"url":"https:\/\/dama-moe.de\/pl\/wp-content\/uploads\/sites\/3\/2023\/02\/PicturePeople-2.jpg","type":"image\/jpeg"}],"twitter_card":"summary_large_image","twitter_misc":{"Szacowany czas czytania":"3 minuty"},"schema":{"@context":"https:\/\/schema.org","@graph":[{"@type":"WebPage","@id":"https:\/\/dama-moe.de\/pl\/home-dama-moe-zarzadzanie-projektami-na-rynkach-niemieckojezycznych\/o-nas-projekty-w-niemczech-austrii-i-szwajcarii-i-dama-moe\/","url":"https:\/\/dama-moe.de\/pl\/home-dama-moe-zarzadzanie-projektami-na-rynkach-niemieckojezycznych\/o-nas-projekty-w-niemczech-austrii-i-szwajcarii-i-dama-moe\/","name":"O nas - DARIA MAK-WALTHER","isPartOf":{"@id":"https:\/\/dama-moe.de\/pl\/#website"},"primaryImageOfPage":{"@id":"https:\/\/dama-moe.de\/pl\/home-dama-moe-zarzadzanie-projektami-na-rynkach-niemieckojezycznych\/o-nas-projekty-w-niemczech-austrii-i-szwajcarii-i-dama-moe\/#primaryimage"},"image":{"@id":"https:\/\/dama-moe.de\/pl\/home-dama-moe-zarzadzanie-projektami-na-rynkach-niemieckojezycznych\/o-nas-projekty-w-niemczech-austrii-i-szwajcarii-i-dama-moe\/#primaryimage"},"thumbnailUrl":"https:\/\/dama-moe.de\/pl\/wp-content\/uploads\/sites\/3\/2023\/02\/PicturePeople-2-1024x716.jpg","datePublished":"2023-02-01T15:46:47+00:00","dateModified":"2025-06-26T14:23:35+00:00","description":"D\u0142ugoletnia praktyka w procesie internacjonalizacji, ze szczeg\u00f3lnym uwzgl\u0119dnieniem rynk\u00f3w niemieckoj\u0119zycznych.","breadcrumb":{"@id":"https:\/\/dama-moe.de\/pl\/home-dama-moe-zarzadzanie-projektami-na-rynkach-niemieckojezycznych\/o-nas-projekty-w-niemczech-austrii-i-szwajcarii-i-dama-moe\/#breadcrumb"},"inLanguage":"pl-PL","potentialAction":[{"@type":"ReadAction","target":["https:\/\/dama-moe.de\/pl\/home-dama-moe-zarzadzanie-projektami-na-rynkach-niemieckojezycznych\/o-nas-projekty-w-niemczech-austrii-i-szwajcarii-i-dama-moe\/"]}]},{"@type":"ImageObject","inLanguage":"pl-PL","@id":"https:\/\/dama-moe.de\/pl\/home-dama-moe-zarzadzanie-projektami-na-rynkach-niemieckojezycznych\/o-nas-projekty-w-niemczech-austrii-i-szwajcarii-i-dama-moe\/#primaryimage","url":"https:\/\/dama-moe.de\/pl\/wp-content\/uploads\/sites\/3\/2023\/02\/PicturePeople-2.jpg","contentUrl":"https:\/\/dama-moe.de\/pl\/wp-content\/uploads\/sites\/3\/2023\/02\/PicturePeople-2.jpg","width":1695,"height":1186},{"@type":"BreadcrumbList","@id":"https:\/\/dama-moe.de\/pl\/home-dama-moe-zarzadzanie-projektami-na-rynkach-niemieckojezycznych\/o-nas-projekty-w-niemczech-austrii-i-szwajcarii-i-dama-moe\/#breadcrumb","itemListElement":[{"@type":"ListItem","position":1,"name":"Startseite","item":"https:\/\/dama-moe.de\/pl\/"},{"@type":"ListItem","position":2,"name":"Home","item":"https:\/\/dama-moe.de\/pl\/"},{"@type":"ListItem","position":3,"name":"O nas"}]},{"@type":"WebSite","@id":"https:\/\/dama-moe.de\/pl\/#website","url":"https:\/\/dama-moe.de\/pl\/","name":"DARIA MAK-WALTHER","description":"Wspieramy Ci\u0119 w internacjonalizacji","publisher":{"@id":"https:\/\/dama-moe.de\/pl\/#organization"},"potentialAction":[{"@type":"SearchAction","target":{"@type":"EntryPoint","urlTemplate":"https:\/\/dama-moe.de\/pl\/?s={search_term_string}"},"query-input":{"@type":"PropertyValueSpecification","valueRequired":true,"valueName":"search_term_string"}}],"inLanguage":"pl-PL"},{"@type":"Organization","@id":"https:\/\/dama-moe.de\/pl\/#organization","name":"DARIA MAK-WALTHER","url":"https:\/\/dama-moe.de\/pl\/","logo":{"@type":"ImageObject","inLanguage":"pl-PL","@id":"https:\/\/dama-moe.de\/pl\/#\/schema\/logo\/image\/","url":"","contentUrl":"","caption":"DARIA MAK-WALTHER"},"image":{"@id":"https:\/\/dama-moe.de\/pl\/#\/schema\/logo\/image\/"}}]}},"_links":{"self":[{"href":"https:\/\/dama-moe.de\/pl\/wp-json\/wp\/v2\/pages\/59","targetHints":{"allow":["GET"]}}],"collection":[{"href":"https:\/\/dama-moe.de\/pl\/wp-json\/wp\/v2\/pages"}],"about":[{"href":"https:\/\/dama-moe.de\/pl\/wp-json\/wp\/v2\/types\/page"}],"author":[{"embeddable":true,"href":"https:\/\/dama-moe.de\/pl\/wp-json\/wp\/v2\/users\/1"}],"replies":[{"embeddable":true,"href":"https:\/\/dama-moe.de\/pl\/wp-json\/wp\/v2\/comments?post=59"}],"version-history":[{"count":48,"href":"https:\/\/dama-moe.de\/pl\/wp-json\/wp\/v2\/pages\/59\/revisions"}],"predecessor-version":[{"id":1097,"href":"https:\/\/dama-moe.de\/pl\/wp-json\/wp\/v2\/pages\/59\/revisions\/1097"}],"up":[{"embeddable":true,"href":"https:\/\/dama-moe.de\/pl\/wp-json\/wp\/v2\/pages\/41"}],"wp:attachment":[{"href":"https:\/\/dama-moe.de\/pl\/wp-json\/wp\/v2\/media?parent=59"}],"curies":[{"name":"wp","href":"https:\/\/api.w.org\/{rel}","templated":true}]}}