{"id":43,"date":"2023-02-01T16:43:58","date_gmt":"2023-02-01T15:43:58","guid":{"rendered":"http:\/\/test.dama-moe.de\/pl\/?page_id=43"},"modified":"2025-05-07T11:15:58","modified_gmt":"2025-05-07T09:15:58","slug":"kontakt-pl-projekty-w-niemczech-dla-ciebie-i-dama-moe","status":"publish","type":"page","link":"https:\/\/dama-moe.de\/pl\/kontakt-pl-projekty-w-niemczech-dla-ciebie-i-dama-moe\/","title":{"rendered":"Kontakt"},"content":{"rendered":"\n<div class=\"wp-block-cover is-light\" style=\"min-height:400px;aspect-ratio:unset;\"><img loading=\"lazy\" decoding=\"async\" width=\"1280\" height=\"720\" class=\"wp-block-cover__image-background wp-image-447\" alt=\"\" src=\"https:\/\/dama-moe.de\/pl\/wp-content\/uploads\/sites\/3\/2023\/02\/Landschaft-Weg-3.jpeg\" data-object-fit=\"cover\" srcset=\"https:\/\/dama-moe.de\/pl\/wp-content\/uploads\/sites\/3\/2023\/02\/Landschaft-Weg-3.jpeg 1280w, https:\/\/dama-moe.de\/pl\/wp-content\/uploads\/sites\/3\/2023\/02\/Landschaft-Weg-3-300x169.jpeg 300w, https:\/\/dama-moe.de\/pl\/wp-content\/uploads\/sites\/3\/2023\/02\/Landschaft-Weg-3-1024x576.jpeg 1024w, https:\/\/dama-moe.de\/pl\/wp-content\/uploads\/sites\/3\/2023\/02\/Landschaft-Weg-3-768x432.jpeg 768w\" sizes=\"auto, (max-width: 1280px) 100vw, 1280px\" \/><span aria-hidden=\"true\" class=\"wp-block-cover__background has-background-dim-10 has-background-dim\"><\/span><div class=\"wp-block-cover__inner-container is-layout-flow wp-block-cover-is-layout-flow\">\n<p class=\"has-text-align-center has-large-font-size\"><\/p>\n<\/div><\/div>\n\n\n\n<h2 class=\"wp-block-heading\">Twoja droga do nas<\/h2>\n\n\n\n<p class=\"has-medium-font-size\">Jeste\u015b zainteresowana\/y naszymi us\u0142ugami lub chcia\u0142aby\u015b\/chcia\u0142by\u015b dowiedzie\u0107 si\u0119 wi\u0119cej i naszej firmie? Zach\u0119camy do skorzystania z poni\u017cszego formularza kontaktowego. Ch\u0119tnie odpowiemy na pytania i prze\u015blemy szczeg\u00f3\u0142y oferty dostosowanej dla Twojej firmy.<\/p>\n\n\n\n<p class=\"has-medium-font-size\">Je\u015bli chcia\u0142aby\u015b\/chcia\u0142by\u015b pozna\u0107 nas osobi\u015bcie, zapraszamy na wizyt\u0119 w naszym biurze &#8211; po wcze\u015bniejszym um\u00f3wieniu si\u0119 na spotkanie.<\/p>\n\n\n\n<p>Z powa\u017caniem <\/p>\n\n\n\n<figure class=\"wp-block-image size-full\"><img loading=\"lazy\" decoding=\"async\" width=\"299\" height=\"71\" src=\"https:\/\/dama-moe.de\/pl\/wp-content\/uploads\/sites\/3\/2023\/03\/Unterschrift-1.jpeg\" alt=\"\" class=\"wp-image-861\"\/><\/figure>\n\n\n\n<p><strong>DAMA Project Management Central and Eastern Europe<\/strong><\/p>\n\n\n\n<div class=\"wp-block-cover alignfull\" style=\"min-height:420px;aspect-ratio:unset;\"><span aria-hidden=\"true\" class=\"wp-block-cover__background has-nv-light-bg-background-color has-background-dim-100 has-background-dim\"><\/span><div class=\"wp-block-cover__inner-container is-layout-flow wp-block-cover-is-layout-flow\">\n<div class=\"wp-block-columns is-layout-flex wp-container-core-columns-is-layout-9d6595d7 wp-block-columns-is-layout-flex\">\n<div class=\"wp-block-column is-layout-flow wp-block-column-is-layout-flow\">\n<div style=\"height:24px\" aria-hidden=\"true\" class=\"wp-block-spacer\"><\/div>\n\n\n<div class=\"wp-block-image\">\n<figure class=\"aligncenter size-full is-resized\"><img loading=\"lazy\" decoding=\"async\" width=\"120\" height=\"120\" src=\"https:\/\/dama-moe.de\/pl\/wp-content\/uploads\/sites\/3\/2023\/02\/custom-4.png\" alt=\"\" class=\"wp-image-424\" style=\"height:124px\"\/><\/figure>\n<\/div>\n\n\n<p><\/p>\n\n\n\n<p><\/p>\n\n\n\n<div class=\"wp-block-group is-vertical is-layout-flex wp-container-core-group-is-layout-8cf370e7 wp-block-group-is-layout-flex\">\n<div class=\"wp-block-group is-nowrap is-layout-flex wp-container-core-group-is-layout-ad2f72ca wp-block-group-is-layout-flex\">\n<p class=\"has-neve-text-color-color has-text-color\" style=\"font-size:17px\"><strong>+49(0)5603.91 70 44<\/strong> |  <strong>+49(0)160.444 66 19<\/strong><\/p>\n<\/div>\n<\/div>\n\n\n\n<div style=\"height:24px\" aria-hidden=\"true\" class=\"wp-block-spacer\"><\/div>\n<\/div>\n\n\n\n<div class=\"wp-block-column is-layout-flow wp-block-column-is-layout-flow\">\n<div style=\"height:24px\" aria-hidden=\"true\" class=\"wp-block-spacer\"><\/div>\n\n\n<div class=\"wp-block-image\">\n<figure class=\"aligncenter size-full is-resized\"><img loading=\"lazy\" decoding=\"async\" width=\"124\" height=\"124\" src=\"https:\/\/dama-moe.de\/pl\/wp-content\/uploads\/sites\/3\/2023\/02\/custom-5.png\" alt=\"\" class=\"wp-image-425\" style=\"width:120px\"\/><\/figure>\n<\/div>\n\n\n<p><\/p>\n\n\n\n<p><\/p>\n\n\n\n<p class=\"has-text-align-center has-neve-text-color-color has-text-color\" style=\"font-size:18px\"><strong>info(at)dama-moe.de<\/strong><\/p>\n\n\n\n<div style=\"height:24px\" aria-hidden=\"true\" class=\"wp-block-spacer\"><\/div>\n<\/div>\n\n\n\n<div class=\"wp-block-column is-layout-flow wp-block-column-is-layout-flow\">\n<div style=\"height:24px\" aria-hidden=\"true\" class=\"wp-block-spacer\"><\/div>\n\n\n<div class=\"wp-block-image\">\n<figure class=\"aligncenter size-full is-resized\"><img loading=\"lazy\" decoding=\"async\" width=\"142\" height=\"142\" src=\"https:\/\/dama-moe.de\/pl\/wp-content\/uploads\/sites\/3\/2023\/02\/icon.png\" alt=\"\" class=\"wp-image-426\" style=\"width:120px;height:120px\"\/><\/figure>\n<\/div>\n\n\n<p><\/p>\n\n\n\n<p><\/p>\n\n\n\n<p class=\"has-text-align-center has-neve-text-color-color has-text-color\" style=\"font-size:18px\"><strong>Tiefenbachweg 4a, D-34295 Ederm\u00fcnde<\/strong><\/p>\n\n\n\n<div style=\"height:24px\" aria-hidden=\"true\" class=\"wp-block-spacer\"><\/div>\n<\/div>\n<\/div>\n<\/div><\/div>\n\n\n\n<p><em>Przesy\u0142aj\u0105c ten formularz, potwierdzasz, \u017ce zapozna\u0142a\u015b\/e\u015b si\u0119 z nasz\u0105 polityk\u0105 prywatno\u015bci.<\/em><\/p>\n\n\n\n<p>* Pola wymagane<\/p>\n\n\n<div class=\"wpforms-container wpforms-container-full wpforms-block wpforms-block-b759c976-5716-4991-97b7-0dcbe551f2c8\" id=\"wpforms-575\"><form id=\"wpforms-form-575\" class=\"wpforms-validate wpforms-form wpforms-ajax-form\" data-formid=\"575\" method=\"post\" enctype=\"multipart\/form-data\" action=\"\/pl\/wp-json\/wp\/v2\/pages\/43\" data-token=\"d97bd2ca5c85014ecbbf6031fa67f2e7\" data-token-time=\"1777211758\"><noscript class=\"wpforms-error-noscript\">Aby wype\u0142ni\u0107 ten formularz, w\u0142\u0105cz obs\u0142ug\u0119 JavaScript w przegl\u0105darce.<\/noscript><div class=\"wpforms-field-container\"><div id=\"wpforms-575-field_0-container\" class=\"wpforms-field wpforms-field-name\" data-field-id=\"0\"><label class=\"wpforms-field-label\" for=\"wpforms-575-field_0\">Nazwisko i imi\u0119 <span class=\"wpforms-required-label\">*<\/span><\/label><input type=\"text\" id=\"wpforms-575-field_0\" class=\"wpforms-field-medium wpforms-field-required\" name=\"wpforms[fields][0]\" required><\/div><div id=\"wpforms-575-field_1-container\" class=\"wpforms-field wpforms-field-email\" data-field-id=\"1\"><label class=\"wpforms-field-label\" for=\"wpforms-575-field_1\">E-Mail <span class=\"wpforms-required-label\">*<\/span><\/label><input type=\"email\" id=\"wpforms-575-field_1\" class=\"wpforms-field-medium wpforms-field-required\" name=\"wpforms[fields][1]\" spellcheck=\"false\" required><\/div><div id=\"wpforms-575-field_2-container\" class=\"wpforms-field wpforms-field-textarea\" data-field-id=\"2\"><label class=\"wpforms-field-label\" for=\"wpforms-575-field_2\">tre\u015b\u0107 wiadomo\u015bci<\/label><textarea id=\"wpforms-575-field_2\" class=\"wpforms-field-medium\" name=\"wpforms[fields][2]\" ><\/textarea><\/div><div id=\"wpforms-575-field_3-container\" class=\"wpforms-field wpforms-field-gdpr-checkbox\" data-field-id=\"3\"><label class=\"wpforms-field-label\">RODO <span class=\"wpforms-required-label\">*<\/span><\/label><ul id=\"wpforms-575-field_3\" class=\"wpforms-field-required\"><li class=\"choice-1\"><input type=\"checkbox\" id=\"wpforms-575-field_3_1\" name=\"wpforms[fields][3][]\" value=\"Wyra\u017cam zgod\u0119 na przechowywanie przez t\u0119 stron\u0119 www moich danych, zgodnie z polityk\u0105 prywatno\u015bci.\" required ><label class=\"wpforms-field-label-inline\" for=\"wpforms-575-field_3_1\">Wyra\u017cam zgod\u0119 na przechowywanie przez t\u0119 stron\u0119 www moich danych, zgodnie z polityk\u0105 prywatno\u015bci.<\/label><\/li><\/ul><\/div><\/div><!-- .wpforms-field-container --><div class=\"wpforms-submit-container\" ><input type=\"hidden\" name=\"wpforms[id]\" value=\"575\"><input type=\"hidden\" name=\"page_title\" value=\"\"><input type=\"hidden\" name=\"page_url\" value=\"https:\/\/dama-moe.de\/pl\/wp-json\/wp\/v2\/pages\/43\"><input type=\"hidden\" name=\"url_referer\" value=\"\"><button type=\"submit\" name=\"wpforms[submit]\" id=\"wpforms-submit-575\" class=\"wpforms-submit\" data-alt-text=\"w toku wys\u0142ania...\" data-submit-text=\"Wy\u015blij\" aria-live=\"assertive\" value=\"wpforms-submit\">Wy\u015blij<\/button><img loading=\"lazy\" decoding=\"async\" src=\"https:\/\/dama-moe.de\/pl\/wp-content\/plugins\/wpforms-lite\/assets\/images\/submit-spin.svg\" class=\"wpforms-submit-spinner\" style=\"display: none;\" width=\"26\" height=\"26\" alt=\"Wczytywanie\"><\/div><\/form><\/div>  <!-- .wpforms-container -->","protected":false},"excerpt":{"rendered":"<p>Twoja droga do nas Jeste\u015b zainteresowana\/y naszymi us\u0142ugami lub chcia\u0142aby\u015b\/chcia\u0142by\u015b dowiedzie\u0107 si\u0119 wi\u0119cej i naszej firmie? Zach\u0119camy do skorzystania z poni\u017cszego formularza kontaktowego. Ch\u0119tnie odpowiemy na pytania i prze\u015blemy szczeg\u00f3\u0142y oferty dostosowanej dla Twojej firmy. Je\u015bli chcia\u0142aby\u015b\/chcia\u0142by\u015b pozna\u0107 nas osobi\u015bcie, zapraszamy na wizyt\u0119 w naszym biurze &#8211; po wcze\u015bniejszym um\u00f3wieniu si\u0119 na spotkanie. Z powa\u017caniem&hellip;&nbsp;<a href=\"https:\/\/dama-moe.de\/pl\/kontakt-pl-projekty-w-niemczech-dla-ciebie-i-dama-moe\/\" rel=\"bookmark\">Dowiedz si\u0119 wi\u0119cej &raquo;<span class=\"screen-reader-text\">Kontakt<\/span><\/a><\/p>\n","protected":false},"author":1,"featured_media":0,"parent":0,"menu_order":0,"comment_status":"closed","ping_status":"closed","template":"","meta":{"neve_meta_sidebar":"","neve_meta_container":"","neve_meta_enable_content_width":"on","neve_meta_content_width":100,"neve_meta_title_alignment":"","neve_meta_author_avatar":"","neve_post_elements_order":"","neve_meta_disable_header":"","neve_meta_disable_footer":"","neve_meta_disable_title":"on","footnotes":""},"class_list":["post-43","page","type-page","status-publish","hentry"],"yoast_head":"<!-- This site is optimized with the Yoast SEO plugin v27.4 - https:\/\/yoast.com\/product\/yoast-seo-wordpress\/ -->\n<title>Kontakt - DARIA MAK-WALTHER<\/title>\n<meta name=\"description\" content=\"Skontaktuj si\u0119 z DAMA-MOE - w kwestii wsp\u00f3\u0142pracy, doradztwa, projekt\u00f3w, ukierunkowanych na Niemcy i region DACH.\" \/>\n<meta name=\"robots\" content=\"index, follow, max-snippet:-1, max-image-preview:large, max-video-preview:-1\" \/>\n<link rel=\"canonical\" href=\"https:\/\/dama-moe.de\/pl\/kontakt-pl-projekty-w-niemczech-dla-ciebie-i-dama-moe\/\" \/>\n<meta property=\"og:locale\" content=\"pl_PL\" \/>\n<meta property=\"og:type\" content=\"article\" \/>\n<meta property=\"og:title\" content=\"Kontakt - DARIA MAK-WALTHER\" \/>\n<meta property=\"og:description\" content=\"Skontaktuj si\u0119 z DAMA-MOE - w kwestii wsp\u00f3\u0142pracy, doradztwa, projekt\u00f3w, ukierunkowanych na Niemcy i region DACH.\" \/>\n<meta property=\"og:url\" content=\"https:\/\/dama-moe.de\/pl\/kontakt-pl-projekty-w-niemczech-dla-ciebie-i-dama-moe\/\" \/>\n<meta property=\"og:site_name\" content=\"DARIA MAK-WALTHER\" \/>\n<meta property=\"article:modified_time\" content=\"2025-05-07T09:15:58+00:00\" \/>\n<meta property=\"og:image\" content=\"https:\/\/dama-moe.de\/pl\/wp-content\/uploads\/sites\/3\/2023\/02\/Landschaft-Weg-3.jpeg\" \/>\n\t<meta property=\"og:image:width\" content=\"1280\" \/>\n\t<meta property=\"og:image:height\" content=\"720\" \/>\n\t<meta property=\"og:image:type\" content=\"image\/jpeg\" \/>\n<meta name=\"twitter:card\" content=\"summary_large_image\" \/>\n<meta name=\"twitter:label1\" content=\"Szacowany czas czytania\" \/>\n\t<meta name=\"twitter:data1\" content=\"2 minuty\" \/>\n<script type=\"application\/ld+json\" class=\"yoast-schema-graph\">{\"@context\":\"https:\\\/\\\/schema.org\",\"@graph\":[{\"@type\":\"WebPage\",\"@id\":\"https:\\\/\\\/dama-moe.de\\\/pl\\\/kontakt-pl-projekty-w-niemczech-dla-ciebie-i-dama-moe\\\/\",\"url\":\"https:\\\/\\\/dama-moe.de\\\/pl\\\/kontakt-pl-projekty-w-niemczech-dla-ciebie-i-dama-moe\\\/\",\"name\":\"Kontakt - DARIA MAK-WALTHER\",\"isPartOf\":{\"@id\":\"https:\\\/\\\/dama-moe.de\\\/pl\\\/#website\"},\"primaryImageOfPage\":{\"@id\":\"https:\\\/\\\/dama-moe.de\\\/pl\\\/kontakt-pl-projekty-w-niemczech-dla-ciebie-i-dama-moe\\\/#primaryimage\"},\"image\":{\"@id\":\"https:\\\/\\\/dama-moe.de\\\/pl\\\/kontakt-pl-projekty-w-niemczech-dla-ciebie-i-dama-moe\\\/#primaryimage\"},\"thumbnailUrl\":\"https:\\\/\\\/dama-moe.de\\\/pl\\\/wp-content\\\/uploads\\\/sites\\\/3\\\/2023\\\/02\\\/Landschaft-Weg-3.jpeg\",\"datePublished\":\"2023-02-01T15:43:58+00:00\",\"dateModified\":\"2025-05-07T09:15:58+00:00\",\"description\":\"Skontaktuj si\u0119 z DAMA-MOE - w kwestii wsp\u00f3\u0142pracy, doradztwa, projekt\u00f3w, ukierunkowanych na Niemcy i region DACH.\",\"breadcrumb\":{\"@id\":\"https:\\\/\\\/dama-moe.de\\\/pl\\\/kontakt-pl-projekty-w-niemczech-dla-ciebie-i-dama-moe\\\/#breadcrumb\"},\"inLanguage\":\"pl-PL\",\"potentialAction\":[{\"@type\":\"ReadAction\",\"target\":[\"https:\\\/\\\/dama-moe.de\\\/pl\\\/kontakt-pl-projekty-w-niemczech-dla-ciebie-i-dama-moe\\\/\"]}]},{\"@type\":\"ImageObject\",\"inLanguage\":\"pl-PL\",\"@id\":\"https:\\\/\\\/dama-moe.de\\\/pl\\\/kontakt-pl-projekty-w-niemczech-dla-ciebie-i-dama-moe\\\/#primaryimage\",\"url\":\"https:\\\/\\\/dama-moe.de\\\/pl\\\/wp-content\\\/uploads\\\/sites\\\/3\\\/2023\\\/02\\\/Landschaft-Weg-3.jpeg\",\"contentUrl\":\"https:\\\/\\\/dama-moe.de\\\/pl\\\/wp-content\\\/uploads\\\/sites\\\/3\\\/2023\\\/02\\\/Landschaft-Weg-3.jpeg\",\"width\":1280,\"height\":720},{\"@type\":\"BreadcrumbList\",\"@id\":\"https:\\\/\\\/dama-moe.de\\\/pl\\\/kontakt-pl-projekty-w-niemczech-dla-ciebie-i-dama-moe\\\/#breadcrumb\",\"itemListElement\":[{\"@type\":\"ListItem\",\"position\":1,\"name\":\"Startseite\",\"item\":\"https:\\\/\\\/dama-moe.de\\\/pl\\\/\"},{\"@type\":\"ListItem\",\"position\":2,\"name\":\"Kontakt\"}]},{\"@type\":\"WebSite\",\"@id\":\"https:\\\/\\\/dama-moe.de\\\/pl\\\/#website\",\"url\":\"https:\\\/\\\/dama-moe.de\\\/pl\\\/\",\"name\":\"DARIA MAK-WALTHER\",\"description\":\"Wspieramy Ci\u0119 w internacjonalizacji\",\"publisher\":{\"@id\":\"https:\\\/\\\/dama-moe.de\\\/pl\\\/#organization\"},\"potentialAction\":[{\"@type\":\"SearchAction\",\"target\":{\"@type\":\"EntryPoint\",\"urlTemplate\":\"https:\\\/\\\/dama-moe.de\\\/pl\\\/?s={search_term_string}\"},\"query-input\":{\"@type\":\"PropertyValueSpecification\",\"valueRequired\":true,\"valueName\":\"search_term_string\"}}],\"inLanguage\":\"pl-PL\"},{\"@type\":\"Organization\",\"@id\":\"https:\\\/\\\/dama-moe.de\\\/pl\\\/#organization\",\"name\":\"DARIA MAK-WALTHER\",\"url\":\"https:\\\/\\\/dama-moe.de\\\/pl\\\/\",\"logo\":{\"@type\":\"ImageObject\",\"inLanguage\":\"pl-PL\",\"@id\":\"https:\\\/\\\/dama-moe.de\\\/pl\\\/#\\\/schema\\\/logo\\\/image\\\/\",\"url\":\"\",\"contentUrl\":\"\",\"caption\":\"DARIA MAK-WALTHER\"},\"image\":{\"@id\":\"https:\\\/\\\/dama-moe.de\\\/pl\\\/#\\\/schema\\\/logo\\\/image\\\/\"}}]}<\/script>\n<!-- \/ Yoast SEO plugin. -->","yoast_head_json":{"title":"Kontakt - DARIA MAK-WALTHER","description":"Skontaktuj si\u0119 z DAMA-MOE - w kwestii wsp\u00f3\u0142pracy, doradztwa, projekt\u00f3w, ukierunkowanych na Niemcy i region DACH.","robots":{"index":"index","follow":"follow","max-snippet":"max-snippet:-1","max-image-preview":"max-image-preview:large","max-video-preview":"max-video-preview:-1"},"canonical":"https:\/\/dama-moe.de\/pl\/kontakt-pl-projekty-w-niemczech-dla-ciebie-i-dama-moe\/","og_locale":"pl_PL","og_type":"article","og_title":"Kontakt - DARIA MAK-WALTHER","og_description":"Skontaktuj si\u0119 z DAMA-MOE - w kwestii wsp\u00f3\u0142pracy, doradztwa, projekt\u00f3w, ukierunkowanych na Niemcy i region DACH.","og_url":"https:\/\/dama-moe.de\/pl\/kontakt-pl-projekty-w-niemczech-dla-ciebie-i-dama-moe\/","og_site_name":"DARIA MAK-WALTHER","article_modified_time":"2025-05-07T09:15:58+00:00","og_image":[{"width":1280,"height":720,"url":"https:\/\/dama-moe.de\/pl\/wp-content\/uploads\/sites\/3\/2023\/02\/Landschaft-Weg-3.jpeg","type":"image\/jpeg"}],"twitter_card":"summary_large_image","twitter_misc":{"Szacowany czas czytania":"2 minuty"},"schema":{"@context":"https:\/\/schema.org","@graph":[{"@type":"WebPage","@id":"https:\/\/dama-moe.de\/pl\/kontakt-pl-projekty-w-niemczech-dla-ciebie-i-dama-moe\/","url":"https:\/\/dama-moe.de\/pl\/kontakt-pl-projekty-w-niemczech-dla-ciebie-i-dama-moe\/","name":"Kontakt - DARIA MAK-WALTHER","isPartOf":{"@id":"https:\/\/dama-moe.de\/pl\/#website"},"primaryImageOfPage":{"@id":"https:\/\/dama-moe.de\/pl\/kontakt-pl-projekty-w-niemczech-dla-ciebie-i-dama-moe\/#primaryimage"},"image":{"@id":"https:\/\/dama-moe.de\/pl\/kontakt-pl-projekty-w-niemczech-dla-ciebie-i-dama-moe\/#primaryimage"},"thumbnailUrl":"https:\/\/dama-moe.de\/pl\/wp-content\/uploads\/sites\/3\/2023\/02\/Landschaft-Weg-3.jpeg","datePublished":"2023-02-01T15:43:58+00:00","dateModified":"2025-05-07T09:15:58+00:00","description":"Skontaktuj si\u0119 z DAMA-MOE - w kwestii wsp\u00f3\u0142pracy, doradztwa, projekt\u00f3w, ukierunkowanych na Niemcy i region DACH.","breadcrumb":{"@id":"https:\/\/dama-moe.de\/pl\/kontakt-pl-projekty-w-niemczech-dla-ciebie-i-dama-moe\/#breadcrumb"},"inLanguage":"pl-PL","potentialAction":[{"@type":"ReadAction","target":["https:\/\/dama-moe.de\/pl\/kontakt-pl-projekty-w-niemczech-dla-ciebie-i-dama-moe\/"]}]},{"@type":"ImageObject","inLanguage":"pl-PL","@id":"https:\/\/dama-moe.de\/pl\/kontakt-pl-projekty-w-niemczech-dla-ciebie-i-dama-moe\/#primaryimage","url":"https:\/\/dama-moe.de\/pl\/wp-content\/uploads\/sites\/3\/2023\/02\/Landschaft-Weg-3.jpeg","contentUrl":"https:\/\/dama-moe.de\/pl\/wp-content\/uploads\/sites\/3\/2023\/02\/Landschaft-Weg-3.jpeg","width":1280,"height":720},{"@type":"BreadcrumbList","@id":"https:\/\/dama-moe.de\/pl\/kontakt-pl-projekty-w-niemczech-dla-ciebie-i-dama-moe\/#breadcrumb","itemListElement":[{"@type":"ListItem","position":1,"name":"Startseite","item":"https:\/\/dama-moe.de\/pl\/"},{"@type":"ListItem","position":2,"name":"Kontakt"}]},{"@type":"WebSite","@id":"https:\/\/dama-moe.de\/pl\/#website","url":"https:\/\/dama-moe.de\/pl\/","name":"DARIA MAK-WALTHER","description":"Wspieramy Ci\u0119 w internacjonalizacji","publisher":{"@id":"https:\/\/dama-moe.de\/pl\/#organization"},"potentialAction":[{"@type":"SearchAction","target":{"@type":"EntryPoint","urlTemplate":"https:\/\/dama-moe.de\/pl\/?s={search_term_string}"},"query-input":{"@type":"PropertyValueSpecification","valueRequired":true,"valueName":"search_term_string"}}],"inLanguage":"pl-PL"},{"@type":"Organization","@id":"https:\/\/dama-moe.de\/pl\/#organization","name":"DARIA MAK-WALTHER","url":"https:\/\/dama-moe.de\/pl\/","logo":{"@type":"ImageObject","inLanguage":"pl-PL","@id":"https:\/\/dama-moe.de\/pl\/#\/schema\/logo\/image\/","url":"","contentUrl":"","caption":"DARIA MAK-WALTHER"},"image":{"@id":"https:\/\/dama-moe.de\/pl\/#\/schema\/logo\/image\/"}}]}},"_links":{"self":[{"href":"https:\/\/dama-moe.de\/pl\/wp-json\/wp\/v2\/pages\/43","targetHints":{"allow":["GET"]}}],"collection":[{"href":"https:\/\/dama-moe.de\/pl\/wp-json\/wp\/v2\/pages"}],"about":[{"href":"https:\/\/dama-moe.de\/pl\/wp-json\/wp\/v2\/types\/page"}],"author":[{"embeddable":true,"href":"https:\/\/dama-moe.de\/pl\/wp-json\/wp\/v2\/users\/1"}],"replies":[{"embeddable":true,"href":"https:\/\/dama-moe.de\/pl\/wp-json\/wp\/v2\/comments?post=43"}],"version-history":[{"count":33,"href":"https:\/\/dama-moe.de\/pl\/wp-json\/wp\/v2\/pages\/43\/revisions"}],"predecessor-version":[{"id":1069,"href":"https:\/\/dama-moe.de\/pl\/wp-json\/wp\/v2\/pages\/43\/revisions\/1069"}],"wp:attachment":[{"href":"https:\/\/dama-moe.de\/pl\/wp-json\/wp\/v2\/media?parent=43"}],"curies":[{"name":"wp","href":"https:\/\/api.w.org\/{rel}","templated":true}]}}