{"id":228,"date":"2023-02-03T13:42:23","date_gmt":"2023-02-03T12:42:23","guid":{"rendered":"http:\/\/test.dama-moe.de\/pl\/?page_id=228"},"modified":"2025-06-26T16:43:04","modified_gmt":"2025-06-26T14:43:04","slug":"nasza-filozofia-wartosci-w-pracy-miedzynarodowej-i-dama-moe","status":"publish","type":"page","link":"https:\/\/dama-moe.de\/pl\/home-dama-moe-zarzadzanie-projektami-na-rynkach-niemieckojezycznych\/o-nas-projekty-w-niemczech-austrii-i-szwajcarii-i-dama-moe\/nasza-filozofia-wartosci-w-pracy-miedzynarodowej-i-dama-moe\/","title":{"rendered":"Nasza filozofia"},"content":{"rendered":"\n<p style=\"font-size:30px\"><strong>Nasza filozofia<\/strong> <strong>i warto\u015bci<\/strong><\/p>\n\n\n\n<div class=\"wp-block-columns is-layout-flex wp-container-core-columns-is-layout-9d6595d7 wp-block-columns-is-layout-flex\">\n<div class=\"wp-block-column is-layout-flow wp-block-column-is-layout-flow\" style=\"flex-basis:66.66%\">\n<p>Nasza firma prowadzi dzia\u0142alno\u015b\u0107 gospodarcz\u0105, nastawion\u0105 na obr\u00f3t i zysk. Chocia\u017c nie jeste\u015bmy globalnym graczem, dzia\u0142amy w spos\u00f3b odpowiedzialny i zr\u00f3wnowa\u017cony. T\u0105 zasad\u0105 kierujemy si\u0119 w naszej codziennej pracy, jak r\u00f3wnie\u017c w g\u0142\u00f3wnym kierunku naszego rozwoju. Obejmuje to r\u00f3wnie\u017c ca\u0142kowit\u0105 poufno\u015b\u0107, rzetelno\u015b\u0107 i uczciwo\u015b\u0107. Takich samych zasad, jakie sobie narzucamy, oczekujemy od naszych partner\u00f3w i klient\u00f3w.<\/p>\n\n\n\n<p><span style=\"color: var(--nv-text-color); font-family: var(--bodyfontfamily); font-size: var(--bodyfontsize); font-weight: var(--bodyfontweight); letter-spacing: var(--bodyletterspacing); text-transform: var(--bodytexttransform); background-color: var(--nv-site-bg);\">Przekazywanie wiedzy, umiej\u0119tno\u015bci i do\u015bwiadczenia znajduj\u0105 si\u0119 u nas na pierwszym planie. Jako firma zorientowana na praktyk\u0119 postawili\u015bmy sobie za cel indywidualne rozpatrywanie spraw naszych klient\u00f3w i oferowanie rozwi\u0105za\u0144 dostosowanych do ich potrzeb. Posiadamy do\u015bwiadczenia z r\u00f3\u017cnych bran\u017c oraz z r\u00f3\u017cnych kraj\u00f3w i prezentujemy je w szerokiej gamie ofert.<\/span><\/p>\n<p><span style=\"color: var(--nv-text-color); font-family: var(--bodyfontfamily); font-size: var(--bodyfontsize); font-weight: var(--bodyfontweight); letter-spacing: var(--bodyletterspacing); text-transform: var(--bodytexttransform); background-color: var(--nv-site-bg);\">Nie postrzegamy siebie jako zewn\u0119trznego doradcy, ale jako r\u00f3wnorz\u0119dnego partnera klienta. Jeste\u015bmy g\u0142\u0119boko przekonani, \u017ce projekty odnosz\u0105 sukces tylko wtedy, gdy s\u0105 wsp\u00f3lnie planowane i realizowane.&nbsp;<\/span><\/p>\n<p>W naszych realizacjach dla klienta kierujemy si\u0119 kompetencjami zawodowymi, otwarto\u015bci\u0105, przejrzysto\u015bci\u0105 i zrozumia\u0142ym j\u0119zykiem. Nasz &#8222;fundament doradczy&#8221; opiera si\u0119 na nast\u0119puj\u0105cych filarach:&nbsp;<\/p>\n<\/div>\n\n\n\n<div class=\"wp-block-column is-layout-flow wp-block-column-is-layout-flow\" style=\"flex-basis:33.33%\"><div class=\"wp-block-image\">\n<figure class=\"aligncenter size-full is-resized\"><img loading=\"lazy\" decoding=\"async\" width=\"300\" height=\"300\" src=\"https:\/\/dama-moe.de\/pl\/wp-content\/uploads\/sites\/3\/2025\/06\/Filozofia-wspolpraca.png\" alt=\"Filozofia Darii Mak-Walther: wsp\u00f3\u0142praca na r\u00f3wnych zasadach\" class=\"wp-image-1107\" style=\"width:323px;height:323px\" srcset=\"https:\/\/dama-moe.de\/pl\/wp-content\/uploads\/sites\/3\/2025\/06\/Filozofia-wspolpraca.png 300w, https:\/\/dama-moe.de\/pl\/wp-content\/uploads\/sites\/3\/2025\/06\/Filozofia-wspolpraca-150x150.png 150w\" sizes=\"auto, (max-width: 300px) 100vw, 300px\" \/><\/figure>\n<\/div><\/div>\n<\/div>\n\n\n\n<ol class=\"wp-block-list\">\n<li><strong>Uczciwo\u015b\u0107&nbsp;<\/strong><\/li>\n<\/ol>\n\n\n\n<p>To nasza najwa\u017cniejsza zasada. Uczciwo\u015b\u0107 jest podstaw\u0105 udanej wsp\u00f3\u0142pracy na warunkach zaufania. Nie zaczynamy projektu, je\u015bli nie widzimy korzy\u015bci dla naszego klienta lub je\u015bli nie mo\u017cemy mu pom\u00f3c w jego projekcie. Podchodzimy krytycznie do jego problemu i je\u015bli nie posiadamy wiedzy niezb\u0119dnej do rozwi\u0105zania zadania, to komunikujemy to wyra\u017anie. W takim przypadku odsy\u0142amy klienta do innych ekspert\u00f3w lub je\u015bli to mo\u017cliwe &#8211; proponujemy mu alternatywne rozwi\u0105zanie z kompetentnymi partnerami  po naszej stronie. Nie usprawiedliwiamy nieetycznego dzia\u0142ania, bez wzgl\u0119du na to, z jakiego stanowiska u klienta jest ono wymagane.<\/p>\n\n\n\n<p><strong>2. Neutralno\u015b\u0107<\/strong><\/p>\n\n\n\n<p>Nie jest wykluczone, \u017ce podczas projektu doradczego zostaniemy wci\u0105gni\u0119ci w wewn\u0119trzne gry o w\u0142adz\u0119 r\u00f3\u017cnych dzia\u0142\u00f3w firmy czy nawet intrygi. Jako do\u015bwiadczeni konsultanci znamy to niebezpiecze\u0144stwo. Nawet gdy pracujemy z pojedynczymi osobami, nigdy nie tracimy z oczu celu, jakim jest osi\u0105gni\u0119cie jak najlepszego wyniku dla ca\u0142ej firmy. \u015awiadomie zobowi\u0105zujemy si\u0119 do neutralno\u015bci i komunikujemy to naszym klientom.<\/p>\n\n\n\n<p><strong>3. Rzetelno\u015b\u0107<\/strong><\/p>\n\n\n\n<p>Reputacja naszej firmy jest dla nas tak samo wa\u017cna jak reputacja naszego klienta. Dlatego nasze konsultacje s\u0105 zawsze udzielane na w\u0142asn\u0105 odpowiedzialno\u015b\u0107, niezale\u017cnie oraz zgodnie z nasz\u0105 najlepsz\u0105 wiedz\u0105 i przekonaniem. Nie akceptujemy ograniczenia naszej niezale\u017cno\u015bci przez oczekiwania os\u00f3b trzecich. M\u00f3wimy otwarcie o nieprzyjemnych sprawach, nawet je\u015bli istnieje ryzyko, \u017ce nie otrzymamy nast\u0119pnego zlecenia od klienta. Konsultacje zawsze udzielane s\u0105 w spos\u00f3b bezstronny i obiektywny.<\/p>\n\n\n\n<p> <strong>4. Dyskrecja<\/strong><\/p>\n\n\n\n<p>Uwa\u017camy j\u0105 za oczywist\u0105, stanowi ona r\u00f3wnie\u017c podstaw\u0119 do wsp\u00f3\u0142pracy. Dokumenty zwi\u0105zane ze zleceniem udost\u0119pnione nam przez klienta nie s\u0105 przekazywane osobom trzecim. Dotyczy to r\u00f3wnie\u017c wewn\u0119trznych informacji firmowych naszych klient\u00f3w, do kt\u00f3rych \u015bwiadomie lub nie\u015bwiadomie uzyskali\u015bmy wgl\u0105d.<\/p>\n\n\n\n<p><strong>5. Poufno\u015b\u0107<\/strong><\/p>\n\n\n\n<p>Wszystkie wewn\u0119trzne procesy i informacje naszych klient\u00f3w s\u0105 traktowane z dyskrecj\u0105 i poufno\u015bci\u0105. Uzyskane przez nas informacje od klienta wykorzystujemy wy\u0142\u0105cznie w celu prawid\u0142owego wype\u0142nienia zlecenia. Po zako\u0144czeniu zlecenia uzyskane dane, informacje itp. s\u0105 zwracane klientowi lub zostan\u0105 odpowiednio zniszczone. Obowi\u0105zuj\u0105ce przepisy ustawy o ochronie danych osobowych s\u0105 konsekwentnie przestrzegane.<\/p>\n\n\n\n<p><strong>6. \u015bwiadomo\u015b\u0107 ekologiczna i aspekt socjalny<\/strong><\/p>\n\n\n\n<p>Zr\u00f3wnowa\u017cony rozw\u00f3j to nasza pasja. Dlatego zwracamy szczeg\u00f3ln\u0105 uwag\u0119 na oszcz\u0119dzanie energii, wody, papieru i wk\u0142ad\u00f3w do drukarek oraz innych zasob\u00f3w. Bardzo wa\u017cne jest dla nas r\u00f3wnie\u017c traktowanie klient\u00f3w, partner\u00f3w i dostawc\u00f3w z szacunkiem, niezale\u017cnie od ich pozycji w firmie.<\/p>\n","protected":false},"excerpt":{"rendered":"<p>Nasza filozofia i warto\u015bci Nasza firma prowadzi dzia\u0142alno\u015b\u0107 gospodarcz\u0105, nastawion\u0105 na obr\u00f3t i zysk. Chocia\u017c nie jeste\u015bmy globalnym graczem, dzia\u0142amy w spos\u00f3b odpowiedzialny i zr\u00f3wnowa\u017cony. T\u0105 zasad\u0105 kierujemy si\u0119 w naszej codziennej pracy, jak r\u00f3wnie\u017c w g\u0142\u00f3wnym kierunku naszego rozwoju. Obejmuje to r\u00f3wnie\u017c ca\u0142kowit\u0105 poufno\u015b\u0107, rzetelno\u015b\u0107 i uczciwo\u015b\u0107. Takich samych zasad, jakie sobie narzucamy, oczekujemy&hellip;&nbsp;<a href=\"https:\/\/dama-moe.de\/pl\/home-dama-moe-zarzadzanie-projektami-na-rynkach-niemieckojezycznych\/o-nas-projekty-w-niemczech-austrii-i-szwajcarii-i-dama-moe\/nasza-filozofia-wartosci-w-pracy-miedzynarodowej-i-dama-moe\/\" rel=\"bookmark\">Dowiedz si\u0119 wi\u0119cej &raquo;<span class=\"screen-reader-text\">Nasza filozofia<\/span><\/a><\/p>\n","protected":false},"author":1,"featured_media":0,"parent":59,"menu_order":1,"comment_status":"closed","ping_status":"closed","template":"","meta":{"neve_meta_sidebar":"","neve_meta_container":"","neve_meta_enable_content_width":"","neve_meta_content_width":0,"neve_meta_title_alignment":"","neve_meta_author_avatar":"","neve_post_elements_order":"","neve_meta_disable_header":"","neve_meta_disable_footer":"","neve_meta_disable_title":"","footnotes":""},"class_list":["post-228","page","type-page","status-publish","hentry"],"yoast_head":"<!-- This site is optimized with the Yoast SEO plugin v27.5 - https:\/\/yoast.com\/product\/yoast-seo-wordpress\/ -->\n<title>Nasza filozofia - DARIA MAK-WALTHER<\/title>\n<meta name=\"description\" content=\"Moja praca opiera si\u0119 na przejrzysto\u015bci, efektywno\u015bci i \u015bwiadomo\u015bci kulturowej. Jeste\u015bmy r\u00f3wnorz\u0119dnym partnerem naszych klient\u00f3w.\" \/>\n<meta name=\"robots\" content=\"index, follow, max-snippet:-1, max-image-preview:large, max-video-preview:-1\" \/>\n<link rel=\"canonical\" href=\"https:\/\/dama-moe.de\/pl\/home-dama-moe-zarzadzanie-projektami-na-rynkach-niemieckojezycznych\/o-nas-projekty-w-niemczech-austrii-i-szwajcarii-i-dama-moe\/nasza-filozofia-wartosci-w-pracy-miedzynarodowej-i-dama-moe\/\" \/>\n<meta property=\"og:locale\" content=\"pl_PL\" \/>\n<meta property=\"og:type\" content=\"article\" \/>\n<meta property=\"og:title\" content=\"Nasza filozofia - DARIA MAK-WALTHER\" \/>\n<meta property=\"og:description\" content=\"Moja praca opiera si\u0119 na przejrzysto\u015bci, efektywno\u015bci i \u015bwiadomo\u015bci kulturowej. Jeste\u015bmy r\u00f3wnorz\u0119dnym partnerem naszych klient\u00f3w.\" \/>\n<meta property=\"og:url\" content=\"https:\/\/dama-moe.de\/pl\/home-dama-moe-zarzadzanie-projektami-na-rynkach-niemieckojezycznych\/o-nas-projekty-w-niemczech-austrii-i-szwajcarii-i-dama-moe\/nasza-filozofia-wartosci-w-pracy-miedzynarodowej-i-dama-moe\/\" \/>\n<meta property=\"og:site_name\" content=\"DARIA MAK-WALTHER\" \/>\n<meta property=\"article:modified_time\" content=\"2025-06-26T14:43:04+00:00\" \/>\n<meta property=\"og:image\" content=\"https:\/\/dama-moe.de\/pl\/wp-content\/uploads\/sites\/3\/2025\/06\/Filozofia-wspolpraca.png\" \/>\n\t<meta property=\"og:image:width\" content=\"300\" \/>\n\t<meta property=\"og:image:height\" content=\"300\" \/>\n\t<meta property=\"og:image:type\" content=\"image\/png\" \/>\n<meta name=\"twitter:card\" content=\"summary_large_image\" \/>\n<meta name=\"twitter:label1\" content=\"Szacowany czas czytania\" \/>\n\t<meta name=\"twitter:data1\" content=\"4 minuty\" \/>\n<script type=\"application\/ld+json\" class=\"yoast-schema-graph\">{\"@context\":\"https:\\\/\\\/schema.org\",\"@graph\":[{\"@type\":\"WebPage\",\"@id\":\"https:\\\/\\\/dama-moe.de\\\/pl\\\/home-dama-moe-zarzadzanie-projektami-na-rynkach-niemieckojezycznych\\\/o-nas-projekty-w-niemczech-austrii-i-szwajcarii-i-dama-moe\\\/nasza-filozofia-wartosci-w-pracy-miedzynarodowej-i-dama-moe\\\/\",\"url\":\"https:\\\/\\\/dama-moe.de\\\/pl\\\/home-dama-moe-zarzadzanie-projektami-na-rynkach-niemieckojezycznych\\\/o-nas-projekty-w-niemczech-austrii-i-szwajcarii-i-dama-moe\\\/nasza-filozofia-wartosci-w-pracy-miedzynarodowej-i-dama-moe\\\/\",\"name\":\"Nasza filozofia - DARIA MAK-WALTHER\",\"isPartOf\":{\"@id\":\"https:\\\/\\\/dama-moe.de\\\/pl\\\/#website\"},\"primaryImageOfPage\":{\"@id\":\"https:\\\/\\\/dama-moe.de\\\/pl\\\/home-dama-moe-zarzadzanie-projektami-na-rynkach-niemieckojezycznych\\\/o-nas-projekty-w-niemczech-austrii-i-szwajcarii-i-dama-moe\\\/nasza-filozofia-wartosci-w-pracy-miedzynarodowej-i-dama-moe\\\/#primaryimage\"},\"image\":{\"@id\":\"https:\\\/\\\/dama-moe.de\\\/pl\\\/home-dama-moe-zarzadzanie-projektami-na-rynkach-niemieckojezycznych\\\/o-nas-projekty-w-niemczech-austrii-i-szwajcarii-i-dama-moe\\\/nasza-filozofia-wartosci-w-pracy-miedzynarodowej-i-dama-moe\\\/#primaryimage\"},\"thumbnailUrl\":\"https:\\\/\\\/dama-moe.de\\\/pl\\\/wp-content\\\/uploads\\\/sites\\\/3\\\/2025\\\/06\\\/Filozofia-wspolpraca.png\",\"datePublished\":\"2023-02-03T12:42:23+00:00\",\"dateModified\":\"2025-06-26T14:43:04+00:00\",\"description\":\"Moja praca opiera si\u0119 na przejrzysto\u015bci, efektywno\u015bci i \u015bwiadomo\u015bci kulturowej. Jeste\u015bmy r\u00f3wnorz\u0119dnym partnerem naszych klient\u00f3w.\",\"breadcrumb\":{\"@id\":\"https:\\\/\\\/dama-moe.de\\\/pl\\\/home-dama-moe-zarzadzanie-projektami-na-rynkach-niemieckojezycznych\\\/o-nas-projekty-w-niemczech-austrii-i-szwajcarii-i-dama-moe\\\/nasza-filozofia-wartosci-w-pracy-miedzynarodowej-i-dama-moe\\\/#breadcrumb\"},\"inLanguage\":\"pl-PL\",\"potentialAction\":[{\"@type\":\"ReadAction\",\"target\":[\"https:\\\/\\\/dama-moe.de\\\/pl\\\/home-dama-moe-zarzadzanie-projektami-na-rynkach-niemieckojezycznych\\\/o-nas-projekty-w-niemczech-austrii-i-szwajcarii-i-dama-moe\\\/nasza-filozofia-wartosci-w-pracy-miedzynarodowej-i-dama-moe\\\/\"]}]},{\"@type\":\"ImageObject\",\"inLanguage\":\"pl-PL\",\"@id\":\"https:\\\/\\\/dama-moe.de\\\/pl\\\/home-dama-moe-zarzadzanie-projektami-na-rynkach-niemieckojezycznych\\\/o-nas-projekty-w-niemczech-austrii-i-szwajcarii-i-dama-moe\\\/nasza-filozofia-wartosci-w-pracy-miedzynarodowej-i-dama-moe\\\/#primaryimage\",\"url\":\"https:\\\/\\\/dama-moe.de\\\/pl\\\/wp-content\\\/uploads\\\/sites\\\/3\\\/2025\\\/06\\\/Filozofia-wspolpraca.png\",\"contentUrl\":\"https:\\\/\\\/dama-moe.de\\\/pl\\\/wp-content\\\/uploads\\\/sites\\\/3\\\/2025\\\/06\\\/Filozofia-wspolpraca.png\",\"width\":300,\"height\":300,\"caption\":\"Filozofia Darii Mak-Walther: wsp\u00f3\u0142praca na r\u00f3wnych zasadach\"},{\"@type\":\"BreadcrumbList\",\"@id\":\"https:\\\/\\\/dama-moe.de\\\/pl\\\/home-dama-moe-zarzadzanie-projektami-na-rynkach-niemieckojezycznych\\\/o-nas-projekty-w-niemczech-austrii-i-szwajcarii-i-dama-moe\\\/nasza-filozofia-wartosci-w-pracy-miedzynarodowej-i-dama-moe\\\/#breadcrumb\",\"itemListElement\":[{\"@type\":\"ListItem\",\"position\":1,\"name\":\"Startseite\",\"item\":\"https:\\\/\\\/dama-moe.de\\\/pl\\\/\"},{\"@type\":\"ListItem\",\"position\":2,\"name\":\"Home\",\"item\":\"https:\\\/\\\/dama-moe.de\\\/pl\\\/\"},{\"@type\":\"ListItem\",\"position\":3,\"name\":\"O nas\",\"item\":\"https:\\\/\\\/dama-moe.de\\\/pl\\\/home-dama-moe-zarzadzanie-projektami-na-rynkach-niemieckojezycznych\\\/o-nas-projekty-w-niemczech-austrii-i-szwajcarii-i-dama-moe\\\/\"},{\"@type\":\"ListItem\",\"position\":4,\"name\":\"Nasza filozofia\"}]},{\"@type\":\"WebSite\",\"@id\":\"https:\\\/\\\/dama-moe.de\\\/pl\\\/#website\",\"url\":\"https:\\\/\\\/dama-moe.de\\\/pl\\\/\",\"name\":\"DARIA MAK-WALTHER\",\"description\":\"Wspieramy Ci\u0119 w internacjonalizacji\",\"publisher\":{\"@id\":\"https:\\\/\\\/dama-moe.de\\\/pl\\\/#organization\"},\"potentialAction\":[{\"@type\":\"SearchAction\",\"target\":{\"@type\":\"EntryPoint\",\"urlTemplate\":\"https:\\\/\\\/dama-moe.de\\\/pl\\\/?s={search_term_string}\"},\"query-input\":{\"@type\":\"PropertyValueSpecification\",\"valueRequired\":true,\"valueName\":\"search_term_string\"}}],\"inLanguage\":\"pl-PL\"},{\"@type\":\"Organization\",\"@id\":\"https:\\\/\\\/dama-moe.de\\\/pl\\\/#organization\",\"name\":\"DARIA MAK-WALTHER\",\"url\":\"https:\\\/\\\/dama-moe.de\\\/pl\\\/\",\"logo\":{\"@type\":\"ImageObject\",\"inLanguage\":\"pl-PL\",\"@id\":\"https:\\\/\\\/dama-moe.de\\\/pl\\\/#\\\/schema\\\/logo\\\/image\\\/\",\"url\":\"\",\"contentUrl\":\"\",\"caption\":\"DARIA MAK-WALTHER\"},\"image\":{\"@id\":\"https:\\\/\\\/dama-moe.de\\\/pl\\\/#\\\/schema\\\/logo\\\/image\\\/\"}}]}<\/script>\n<!-- \/ Yoast SEO plugin. -->","yoast_head_json":{"title":"Nasza filozofia - DARIA MAK-WALTHER","description":"Moja praca opiera si\u0119 na przejrzysto\u015bci, efektywno\u015bci i \u015bwiadomo\u015bci kulturowej. Jeste\u015bmy r\u00f3wnorz\u0119dnym partnerem naszych klient\u00f3w.","robots":{"index":"index","follow":"follow","max-snippet":"max-snippet:-1","max-image-preview":"max-image-preview:large","max-video-preview":"max-video-preview:-1"},"canonical":"https:\/\/dama-moe.de\/pl\/home-dama-moe-zarzadzanie-projektami-na-rynkach-niemieckojezycznych\/o-nas-projekty-w-niemczech-austrii-i-szwajcarii-i-dama-moe\/nasza-filozofia-wartosci-w-pracy-miedzynarodowej-i-dama-moe\/","og_locale":"pl_PL","og_type":"article","og_title":"Nasza filozofia - DARIA MAK-WALTHER","og_description":"Moja praca opiera si\u0119 na przejrzysto\u015bci, efektywno\u015bci i \u015bwiadomo\u015bci kulturowej. Jeste\u015bmy r\u00f3wnorz\u0119dnym partnerem naszych klient\u00f3w.","og_url":"https:\/\/dama-moe.de\/pl\/home-dama-moe-zarzadzanie-projektami-na-rynkach-niemieckojezycznych\/o-nas-projekty-w-niemczech-austrii-i-szwajcarii-i-dama-moe\/nasza-filozofia-wartosci-w-pracy-miedzynarodowej-i-dama-moe\/","og_site_name":"DARIA MAK-WALTHER","article_modified_time":"2025-06-26T14:43:04+00:00","og_image":[{"width":300,"height":300,"url":"https:\/\/dama-moe.de\/pl\/wp-content\/uploads\/sites\/3\/2025\/06\/Filozofia-wspolpraca.png","type":"image\/png"}],"twitter_card":"summary_large_image","twitter_misc":{"Szacowany czas czytania":"4 minuty"},"schema":{"@context":"https:\/\/schema.org","@graph":[{"@type":"WebPage","@id":"https:\/\/dama-moe.de\/pl\/home-dama-moe-zarzadzanie-projektami-na-rynkach-niemieckojezycznych\/o-nas-projekty-w-niemczech-austrii-i-szwajcarii-i-dama-moe\/nasza-filozofia-wartosci-w-pracy-miedzynarodowej-i-dama-moe\/","url":"https:\/\/dama-moe.de\/pl\/home-dama-moe-zarzadzanie-projektami-na-rynkach-niemieckojezycznych\/o-nas-projekty-w-niemczech-austrii-i-szwajcarii-i-dama-moe\/nasza-filozofia-wartosci-w-pracy-miedzynarodowej-i-dama-moe\/","name":"Nasza filozofia - DARIA MAK-WALTHER","isPartOf":{"@id":"https:\/\/dama-moe.de\/pl\/#website"},"primaryImageOfPage":{"@id":"https:\/\/dama-moe.de\/pl\/home-dama-moe-zarzadzanie-projektami-na-rynkach-niemieckojezycznych\/o-nas-projekty-w-niemczech-austrii-i-szwajcarii-i-dama-moe\/nasza-filozofia-wartosci-w-pracy-miedzynarodowej-i-dama-moe\/#primaryimage"},"image":{"@id":"https:\/\/dama-moe.de\/pl\/home-dama-moe-zarzadzanie-projektami-na-rynkach-niemieckojezycznych\/o-nas-projekty-w-niemczech-austrii-i-szwajcarii-i-dama-moe\/nasza-filozofia-wartosci-w-pracy-miedzynarodowej-i-dama-moe\/#primaryimage"},"thumbnailUrl":"https:\/\/dama-moe.de\/pl\/wp-content\/uploads\/sites\/3\/2025\/06\/Filozofia-wspolpraca.png","datePublished":"2023-02-03T12:42:23+00:00","dateModified":"2025-06-26T14:43:04+00:00","description":"Moja praca opiera si\u0119 na przejrzysto\u015bci, efektywno\u015bci i \u015bwiadomo\u015bci kulturowej. Jeste\u015bmy r\u00f3wnorz\u0119dnym partnerem naszych klient\u00f3w.","breadcrumb":{"@id":"https:\/\/dama-moe.de\/pl\/home-dama-moe-zarzadzanie-projektami-na-rynkach-niemieckojezycznych\/o-nas-projekty-w-niemczech-austrii-i-szwajcarii-i-dama-moe\/nasza-filozofia-wartosci-w-pracy-miedzynarodowej-i-dama-moe\/#breadcrumb"},"inLanguage":"pl-PL","potentialAction":[{"@type":"ReadAction","target":["https:\/\/dama-moe.de\/pl\/home-dama-moe-zarzadzanie-projektami-na-rynkach-niemieckojezycznych\/o-nas-projekty-w-niemczech-austrii-i-szwajcarii-i-dama-moe\/nasza-filozofia-wartosci-w-pracy-miedzynarodowej-i-dama-moe\/"]}]},{"@type":"ImageObject","inLanguage":"pl-PL","@id":"https:\/\/dama-moe.de\/pl\/home-dama-moe-zarzadzanie-projektami-na-rynkach-niemieckojezycznych\/o-nas-projekty-w-niemczech-austrii-i-szwajcarii-i-dama-moe\/nasza-filozofia-wartosci-w-pracy-miedzynarodowej-i-dama-moe\/#primaryimage","url":"https:\/\/dama-moe.de\/pl\/wp-content\/uploads\/sites\/3\/2025\/06\/Filozofia-wspolpraca.png","contentUrl":"https:\/\/dama-moe.de\/pl\/wp-content\/uploads\/sites\/3\/2025\/06\/Filozofia-wspolpraca.png","width":300,"height":300,"caption":"Filozofia Darii Mak-Walther: wsp\u00f3\u0142praca na r\u00f3wnych zasadach"},{"@type":"BreadcrumbList","@id":"https:\/\/dama-moe.de\/pl\/home-dama-moe-zarzadzanie-projektami-na-rynkach-niemieckojezycznych\/o-nas-projekty-w-niemczech-austrii-i-szwajcarii-i-dama-moe\/nasza-filozofia-wartosci-w-pracy-miedzynarodowej-i-dama-moe\/#breadcrumb","itemListElement":[{"@type":"ListItem","position":1,"name":"Startseite","item":"https:\/\/dama-moe.de\/pl\/"},{"@type":"ListItem","position":2,"name":"Home","item":"https:\/\/dama-moe.de\/pl\/"},{"@type":"ListItem","position":3,"name":"O nas","item":"https:\/\/dama-moe.de\/pl\/home-dama-moe-zarzadzanie-projektami-na-rynkach-niemieckojezycznych\/o-nas-projekty-w-niemczech-austrii-i-szwajcarii-i-dama-moe\/"},{"@type":"ListItem","position":4,"name":"Nasza filozofia"}]},{"@type":"WebSite","@id":"https:\/\/dama-moe.de\/pl\/#website","url":"https:\/\/dama-moe.de\/pl\/","name":"DARIA MAK-WALTHER","description":"Wspieramy Ci\u0119 w internacjonalizacji","publisher":{"@id":"https:\/\/dama-moe.de\/pl\/#organization"},"potentialAction":[{"@type":"SearchAction","target":{"@type":"EntryPoint","urlTemplate":"https:\/\/dama-moe.de\/pl\/?s={search_term_string}"},"query-input":{"@type":"PropertyValueSpecification","valueRequired":true,"valueName":"search_term_string"}}],"inLanguage":"pl-PL"},{"@type":"Organization","@id":"https:\/\/dama-moe.de\/pl\/#organization","name":"DARIA MAK-WALTHER","url":"https:\/\/dama-moe.de\/pl\/","logo":{"@type":"ImageObject","inLanguage":"pl-PL","@id":"https:\/\/dama-moe.de\/pl\/#\/schema\/logo\/image\/","url":"","contentUrl":"","caption":"DARIA MAK-WALTHER"},"image":{"@id":"https:\/\/dama-moe.de\/pl\/#\/schema\/logo\/image\/"}}]}},"_links":{"self":[{"href":"https:\/\/dama-moe.de\/pl\/wp-json\/wp\/v2\/pages\/228","targetHints":{"allow":["GET"]}}],"collection":[{"href":"https:\/\/dama-moe.de\/pl\/wp-json\/wp\/v2\/pages"}],"about":[{"href":"https:\/\/dama-moe.de\/pl\/wp-json\/wp\/v2\/types\/page"}],"author":[{"embeddable":true,"href":"https:\/\/dama-moe.de\/pl\/wp-json\/wp\/v2\/users\/1"}],"replies":[{"embeddable":true,"href":"https:\/\/dama-moe.de\/pl\/wp-json\/wp\/v2\/comments?post=228"}],"version-history":[{"count":21,"href":"https:\/\/dama-moe.de\/pl\/wp-json\/wp\/v2\/pages\/228\/revisions"}],"predecessor-version":[{"id":1108,"href":"https:\/\/dama-moe.de\/pl\/wp-json\/wp\/v2\/pages\/228\/revisions\/1108"}],"up":[{"embeddable":true,"href":"https:\/\/dama-moe.de\/pl\/wp-json\/wp\/v2\/pages\/59"}],"wp:attachment":[{"href":"https:\/\/dama-moe.de\/pl\/wp-json\/wp\/v2\/media?parent=228"}],"curies":[{"name":"wp","href":"https:\/\/api.w.org\/{rel}","templated":true}]}}