{"id":111,"date":"2023-02-02T14:11:30","date_gmt":"2023-02-02T13:11:30","guid":{"rendered":"http:\/\/test.dama-moe.de\/pl\/?page_id=111"},"modified":"2025-05-07T10:14:44","modified_gmt":"2025-05-07T08:14:44","slug":"impressum-informacje-prawne-i-kontakt-i-dama-moe","status":"publish","type":"page","link":"https:\/\/dama-moe.de\/pl\/impressum-informacje-prawne-i-kontakt-i-dama-moe\/","title":{"rendered":"Imprint"},"content":{"rendered":"\n<p><\/p>\n\n\n\n<p><strong>Odpowiedzialna za stron\u0119 www:<\/strong><\/p>\n\n\n\n<p>Daria Mak-Walther<br>DAMA Projektmanagement Mittel- und Osteuropa<br>Tiefenbachweg 4a<br>D-34295&nbsp;Ederm\u00fcnde<\/p>\n\n\n\n<p>Telefon: ++49 (0) 5603\/91 70 44<br>E-Mail:&nbsp;<a href=\"mailto:info@dama-moe.de\/pl\">info@dama-moe.de\/pl<\/a><br>Nr VAT (niemiecki): 02487960621<br>VAT EU: DE814314155<\/p>\n\n\n\n<p><strong>Rozstrzyganie spor\u00f3w w UE<\/strong><\/p>\n\n\n\n<p>Komisja Europejska udost\u0119pnia platform\u0119 do internetowego rozstrzygania spor\u00f3w (OS):  <a href=\"https:\/\/ec.europa.eu\/consumers\/odr\/main\/?event=main.home2.show\">https:\/\/ec.europa.eu\/consumers\/odr\/main\/?event=main.home2.show<\/a><\/p>\n\n\n\n<p><strong>UWAGA:<\/strong> Nie jeste\u015bmy zobowi\u0105zani ani ch\u0119tni do udzia\u0142u w procedurze rozstrzygania spor\u00f3w przed konsumenck\u0105 rad\u0105 arbitra\u017cow\u0105.<\/p>\n\n\n\n<p><\/p>\n\n\n\n<h4 class=\"wp-block-heading\">Nota prawna:<\/h4>\n\n\n\n<p>Wszystkie informacje i szczeg\u00f3\u0142y zawarte na naszej stronie internetowej zosta\u0142y dok\u0142adnie zbadane i sprawdzone przez DAMA Projektmanagement Mittel- und Osteuropa (DAMA MOE) lub osoby trzecie. Ani DAMA Projektmanagement MOE, ani odpowiednie strony trzecie nie ponosz\u0105 \u017cadnej odpowiedzialno\u015bci za poprawno\u015b\u0107, kompletno\u015b\u0107 i aktualno\u015b\u0107 danych.<\/p>\n\n\n\n<p>Witryna DAMA MOE mog\u0142a zosta\u0107 przekierowana z innej witryny za pomoc\u0105 hiper\u0142\u0105czy bez wiedzy DAMA MOE. DAMA MOE nie ponosi odpowiedzialno\u015bci za tre\u015b\u0107, prezentacj\u0119 lub jakiekolwiek powi\u0105zania z DAMA MOE na stronach internetowych os\u00f3b trzecich.<br>Skorzystanie z \u0142\u0105cza z tej strony internetowej do strony internetowej osoby trzeciej spowoduje opuszczenie strony internetowej DAMA MOE i jest to odpowiedzialno\u015b\u0107 u\u017cytkownika. DAMA Projektmanagement MOE nie sprawdzi\u0142a i nie sprawdza strony internetowe os\u00f3b trzecich i nie ponosi \u017cadnej odpowiedzialno\u015bci za tre\u015bci tam zawarte. Dotyczy to r\u00f3wnie\u017c wszystkich rezultat\u00f3w, kt\u00f3re mo\u017cna uzyska\u0107 za pomoc\u0105 stron internetowych os\u00f3b trzecich.<\/p>\n\n\n\n<p>Wszystkie tre\u015bci s\u0142u\u017c\u0105 wy\u0142\u0105cznie do cel\u00f3w osobistych. Zawarto\u015b\u0107 tej strony internetowej nie mo\u017ce by\u0107 zmieniana bez uprzedniej pisemnej zgody DAMA MOE i nie mo\u017ce by\u0107 powielana, prezentowana, rozpowszechniana ani wykorzystywana w inny spos\u00f3b do cel\u00f3w publicznych lub komercyjnych. Tre\u015b\u0107 zawarta na tej stronie jest chroniona prawem autorskim. Wszelkie prawa zastrze\u017cone. Wszystkie nazwy produkt\u00f3w i firm wymienione na tej stronie s\u0105 zastrze\u017conymi znakami towarowymi ich w\u0142a\u015bcicieli.<\/p>\n\n\n\n<p>Korzystasz z tej strony i pobierasz dane na w\u0142asne ryzyko. Wyklucza si\u0119 roszczenia z tytu\u0142u odpowiedzialno\u015bci wobec DAMA MOE zwi\u0105zane z bezpo\u015brednimi lub po\u015brednimi szkodami natury materialnej lub niematerialnej, spowodowanymi wykorzystaniem lub niewykorzystaniem dostarczonych informacji lub wykorzystaniem b\u0142\u0119dnych i niekompletnych informacji, o ile szkody te nie wynikaj\u0105 z umy\u015blnego dzia\u0142ania lub ra\u017c\u0105cego niedbalstwa.<\/p>\n\n\n\n<p>DAMA MOE wyra\u017anie zastrzega sobie prawo do zmiany, uzupe\u0142nienia lub usuni\u0119cia cz\u0119\u015bci oferty internetowej lub ca\u0142ej oferty b\u0105d\u017a czasowego lub sta\u0142ego zaprzestania publikacji bez uprzedniego powiadomienia.<\/p>\n\n\n\n<p>Powy\u017csze wy\u0142\u0105czenie odpowiedzialno\u015bci dotyczy ca\u0142ej strony internetowej DAMA MOE. Je\u017celi cz\u0119\u015bci lub poszczeg\u00f3lne sformu\u0142owania tego tekstu nie odpowiadaj\u0105, przesta\u0142y lub nie w pe\u0142ni odpowiadaj\u0105 obowi\u0105zuj\u0105cemu stanowi prawnemu, tre\u015b\u0107 i wa\u017cno\u015b\u0107 pozosta\u0142ych cz\u0119\u015bci dokumentu pozostaje nienaruszona.<\/p>\n","protected":false},"excerpt":{"rendered":"<p>Odpowiedzialna za stron\u0119 www: Daria Mak-WaltherDAMA Projektmanagement Mittel- und OsteuropaTiefenbachweg 4aD-34295&nbsp;Ederm\u00fcnde Telefon: ++49 (0) 5603\/91 70 44E-Mail:&nbsp;info@dama-moe.de\/plNr VAT (niemiecki): 02487960621VAT EU: DE814314155 Rozstrzyganie spor\u00f3w w UE Komisja Europejska udost\u0119pnia platform\u0119 do internetowego rozstrzygania spor\u00f3w (OS): https:\/\/ec.europa.eu\/consumers\/odr\/main\/?event=main.home2.show UWAGA: Nie jeste\u015bmy zobowi\u0105zani ani ch\u0119tni do udzia\u0142u w procedurze rozstrzygania spor\u00f3w przed konsumenck\u0105 rad\u0105 arbitra\u017cow\u0105. Nota prawna: Wszystkie&hellip;&nbsp;<a href=\"https:\/\/dama-moe.de\/pl\/impressum-informacje-prawne-i-kontakt-i-dama-moe\/\" rel=\"bookmark\">Dowiedz si\u0119 wi\u0119cej &raquo;<span class=\"screen-reader-text\">Imprint<\/span><\/a><\/p>\n","protected":false},"author":1,"featured_media":0,"parent":0,"menu_order":0,"comment_status":"closed","ping_status":"closed","template":"","meta":{"neve_meta_sidebar":"","neve_meta_container":"","neve_meta_enable_content_width":"","neve_meta_content_width":0,"neve_meta_title_alignment":"","neve_meta_author_avatar":"","neve_post_elements_order":"","neve_meta_disable_header":"","neve_meta_disable_footer":"","neve_meta_disable_title":"","footnotes":""},"class_list":["post-111","page","type-page","status-publish","hentry"],"yoast_head":"<!-- This site is optimized with the Yoast SEO plugin v27.4 - https:\/\/yoast.com\/product\/yoast-seo-wordpress\/ -->\n<title>Imprint - DARIA MAK-WALTHER<\/title>\n<meta name=\"description\" content=\"Informacje zgodne z \u00a7 5 niem. TMG: dane kontaktowe, odpowiedzialno\u015b\u0107 za tre\u015b\u0107 oraz dane w\u0142a\u015bciciela strony DAMA-MOE\" \/>\n<meta name=\"robots\" content=\"index, follow, max-snippet:-1, max-image-preview:large, max-video-preview:-1\" \/>\n<link rel=\"canonical\" href=\"https:\/\/dama-moe.de\/pl\/impressum-informacje-prawne-i-kontakt-i-dama-moe\/\" \/>\n<meta property=\"og:locale\" content=\"pl_PL\" \/>\n<meta property=\"og:type\" content=\"article\" \/>\n<meta property=\"og:title\" content=\"Imprint - DARIA MAK-WALTHER\" \/>\n<meta property=\"og:description\" content=\"Informacje zgodne z \u00a7 5 niem. TMG: dane kontaktowe, odpowiedzialno\u015b\u0107 za tre\u015b\u0107 oraz dane w\u0142a\u015bciciela strony DAMA-MOE\" \/>\n<meta property=\"og:url\" content=\"https:\/\/dama-moe.de\/pl\/impressum-informacje-prawne-i-kontakt-i-dama-moe\/\" \/>\n<meta property=\"og:site_name\" content=\"DARIA MAK-WALTHER\" \/>\n<meta property=\"article:modified_time\" content=\"2025-05-07T08:14:44+00:00\" \/>\n<meta name=\"twitter:card\" content=\"summary_large_image\" \/>\n<meta name=\"twitter:label1\" content=\"Szacowany czas czytania\" \/>\n\t<meta name=\"twitter:data1\" content=\"3 minuty\" \/>\n<script type=\"application\/ld+json\" class=\"yoast-schema-graph\">{\"@context\":\"https:\\\/\\\/schema.org\",\"@graph\":[{\"@type\":\"WebPage\",\"@id\":\"https:\\\/\\\/dama-moe.de\\\/pl\\\/impressum-informacje-prawne-i-kontakt-i-dama-moe\\\/\",\"url\":\"https:\\\/\\\/dama-moe.de\\\/pl\\\/impressum-informacje-prawne-i-kontakt-i-dama-moe\\\/\",\"name\":\"Imprint - DARIA MAK-WALTHER\",\"isPartOf\":{\"@id\":\"https:\\\/\\\/dama-moe.de\\\/pl\\\/#website\"},\"datePublished\":\"2023-02-02T13:11:30+00:00\",\"dateModified\":\"2025-05-07T08:14:44+00:00\",\"description\":\"Informacje zgodne z \u00a7 5 niem. TMG: dane kontaktowe, odpowiedzialno\u015b\u0107 za tre\u015b\u0107 oraz dane w\u0142a\u015bciciela strony DAMA-MOE\",\"breadcrumb\":{\"@id\":\"https:\\\/\\\/dama-moe.de\\\/pl\\\/impressum-informacje-prawne-i-kontakt-i-dama-moe\\\/#breadcrumb\"},\"inLanguage\":\"pl-PL\",\"potentialAction\":[{\"@type\":\"ReadAction\",\"target\":[\"https:\\\/\\\/dama-moe.de\\\/pl\\\/impressum-informacje-prawne-i-kontakt-i-dama-moe\\\/\"]}]},{\"@type\":\"BreadcrumbList\",\"@id\":\"https:\\\/\\\/dama-moe.de\\\/pl\\\/impressum-informacje-prawne-i-kontakt-i-dama-moe\\\/#breadcrumb\",\"itemListElement\":[{\"@type\":\"ListItem\",\"position\":1,\"name\":\"Startseite\",\"item\":\"https:\\\/\\\/dama-moe.de\\\/pl\\\/\"},{\"@type\":\"ListItem\",\"position\":2,\"name\":\"Imprint\"}]},{\"@type\":\"WebSite\",\"@id\":\"https:\\\/\\\/dama-moe.de\\\/pl\\\/#website\",\"url\":\"https:\\\/\\\/dama-moe.de\\\/pl\\\/\",\"name\":\"DARIA MAK-WALTHER\",\"description\":\"Wspieramy Ci\u0119 w internacjonalizacji\",\"publisher\":{\"@id\":\"https:\\\/\\\/dama-moe.de\\\/pl\\\/#organization\"},\"potentialAction\":[{\"@type\":\"SearchAction\",\"target\":{\"@type\":\"EntryPoint\",\"urlTemplate\":\"https:\\\/\\\/dama-moe.de\\\/pl\\\/?s={search_term_string}\"},\"query-input\":{\"@type\":\"PropertyValueSpecification\",\"valueRequired\":true,\"valueName\":\"search_term_string\"}}],\"inLanguage\":\"pl-PL\"},{\"@type\":\"Organization\",\"@id\":\"https:\\\/\\\/dama-moe.de\\\/pl\\\/#organization\",\"name\":\"DARIA MAK-WALTHER\",\"url\":\"https:\\\/\\\/dama-moe.de\\\/pl\\\/\",\"logo\":{\"@type\":\"ImageObject\",\"inLanguage\":\"pl-PL\",\"@id\":\"https:\\\/\\\/dama-moe.de\\\/pl\\\/#\\\/schema\\\/logo\\\/image\\\/\",\"url\":\"\",\"contentUrl\":\"\",\"caption\":\"DARIA MAK-WALTHER\"},\"image\":{\"@id\":\"https:\\\/\\\/dama-moe.de\\\/pl\\\/#\\\/schema\\\/logo\\\/image\\\/\"}}]}<\/script>\n<!-- \/ Yoast SEO plugin. -->","yoast_head_json":{"title":"Imprint - DARIA MAK-WALTHER","description":"Informacje zgodne z \u00a7 5 niem. TMG: dane kontaktowe, odpowiedzialno\u015b\u0107 za tre\u015b\u0107 oraz dane w\u0142a\u015bciciela strony DAMA-MOE","robots":{"index":"index","follow":"follow","max-snippet":"max-snippet:-1","max-image-preview":"max-image-preview:large","max-video-preview":"max-video-preview:-1"},"canonical":"https:\/\/dama-moe.de\/pl\/impressum-informacje-prawne-i-kontakt-i-dama-moe\/","og_locale":"pl_PL","og_type":"article","og_title":"Imprint - DARIA MAK-WALTHER","og_description":"Informacje zgodne z \u00a7 5 niem. TMG: dane kontaktowe, odpowiedzialno\u015b\u0107 za tre\u015b\u0107 oraz dane w\u0142a\u015bciciela strony DAMA-MOE","og_url":"https:\/\/dama-moe.de\/pl\/impressum-informacje-prawne-i-kontakt-i-dama-moe\/","og_site_name":"DARIA MAK-WALTHER","article_modified_time":"2025-05-07T08:14:44+00:00","twitter_card":"summary_large_image","twitter_misc":{"Szacowany czas czytania":"3 minuty"},"schema":{"@context":"https:\/\/schema.org","@graph":[{"@type":"WebPage","@id":"https:\/\/dama-moe.de\/pl\/impressum-informacje-prawne-i-kontakt-i-dama-moe\/","url":"https:\/\/dama-moe.de\/pl\/impressum-informacje-prawne-i-kontakt-i-dama-moe\/","name":"Imprint - DARIA MAK-WALTHER","isPartOf":{"@id":"https:\/\/dama-moe.de\/pl\/#website"},"datePublished":"2023-02-02T13:11:30+00:00","dateModified":"2025-05-07T08:14:44+00:00","description":"Informacje zgodne z \u00a7 5 niem. TMG: dane kontaktowe, odpowiedzialno\u015b\u0107 za tre\u015b\u0107 oraz dane w\u0142a\u015bciciela strony DAMA-MOE","breadcrumb":{"@id":"https:\/\/dama-moe.de\/pl\/impressum-informacje-prawne-i-kontakt-i-dama-moe\/#breadcrumb"},"inLanguage":"pl-PL","potentialAction":[{"@type":"ReadAction","target":["https:\/\/dama-moe.de\/pl\/impressum-informacje-prawne-i-kontakt-i-dama-moe\/"]}]},{"@type":"BreadcrumbList","@id":"https:\/\/dama-moe.de\/pl\/impressum-informacje-prawne-i-kontakt-i-dama-moe\/#breadcrumb","itemListElement":[{"@type":"ListItem","position":1,"name":"Startseite","item":"https:\/\/dama-moe.de\/pl\/"},{"@type":"ListItem","position":2,"name":"Imprint"}]},{"@type":"WebSite","@id":"https:\/\/dama-moe.de\/pl\/#website","url":"https:\/\/dama-moe.de\/pl\/","name":"DARIA MAK-WALTHER","description":"Wspieramy Ci\u0119 w internacjonalizacji","publisher":{"@id":"https:\/\/dama-moe.de\/pl\/#organization"},"potentialAction":[{"@type":"SearchAction","target":{"@type":"EntryPoint","urlTemplate":"https:\/\/dama-moe.de\/pl\/?s={search_term_string}"},"query-input":{"@type":"PropertyValueSpecification","valueRequired":true,"valueName":"search_term_string"}}],"inLanguage":"pl-PL"},{"@type":"Organization","@id":"https:\/\/dama-moe.de\/pl\/#organization","name":"DARIA MAK-WALTHER","url":"https:\/\/dama-moe.de\/pl\/","logo":{"@type":"ImageObject","inLanguage":"pl-PL","@id":"https:\/\/dama-moe.de\/pl\/#\/schema\/logo\/image\/","url":"","contentUrl":"","caption":"DARIA MAK-WALTHER"},"image":{"@id":"https:\/\/dama-moe.de\/pl\/#\/schema\/logo\/image\/"}}]}},"_links":{"self":[{"href":"https:\/\/dama-moe.de\/pl\/wp-json\/wp\/v2\/pages\/111","targetHints":{"allow":["GET"]}}],"collection":[{"href":"https:\/\/dama-moe.de\/pl\/wp-json\/wp\/v2\/pages"}],"about":[{"href":"https:\/\/dama-moe.de\/pl\/wp-json\/wp\/v2\/types\/page"}],"author":[{"embeddable":true,"href":"https:\/\/dama-moe.de\/pl\/wp-json\/wp\/v2\/users\/1"}],"replies":[{"embeddable":true,"href":"https:\/\/dama-moe.de\/pl\/wp-json\/wp\/v2\/comments?post=111"}],"version-history":[{"count":8,"href":"https:\/\/dama-moe.de\/pl\/wp-json\/wp\/v2\/pages\/111\/revisions"}],"predecessor-version":[{"id":792,"href":"https:\/\/dama-moe.de\/pl\/wp-json\/wp\/v2\/pages\/111\/revisions\/792"}],"wp:attachment":[{"href":"https:\/\/dama-moe.de\/pl\/wp-json\/wp\/v2\/media?parent=111"}],"curies":[{"name":"wp","href":"https:\/\/api.w.org\/{rel}","templated":true}]}}